{"id":5071,"date":"2025-10-21T14:10:02","date_gmt":"2025-10-21T12:10:02","guid":{"rendered":"https:\/\/curachildrensfoundation.org\/keimfreie-mobilitaet-fuer-einen-jungen-patienten-genf-schweiz\/"},"modified":"2025-11-21T16:53:00","modified_gmt":"2025-11-21T15:53:00","slug":"keimfreie-mobilitaet-fuer-einen-jungen-patienten-genf-schweiz","status":"publish","type":"page","link":"https:\/\/curachildrensfoundation.org\/de\/keimfreie-mobilitaet-fuer-einen-jungen-patienten-genf-schweiz\/","title":{"rendered":"Einen jungen Patienten retten \u2013 Genf, Schweiz"},"content":{"rendered":"\t\t<div data-elementor-type=\"wp-page\" data-elementor-id=\"5071\" class=\"elementor elementor-5071 elementor-5033\" data-elementor-post-type=\"page\">\n\t\t\t\t\t\t<section class=\"elementor-section elementor-top-section elementor-element elementor-element-5ed4ca3d elementor-section-height-min-height elementor-hidden-phone elementor-section-boxed elementor-section-height-default elementor-section-items-middle\" data-id=\"5ed4ca3d\" data-element_type=\"section\" data-settings=\"{&quot;background_background&quot;:&quot;classic&quot;}\">\n\t\t\t\t\t\t<div class=\"elementor-container elementor-column-gap-default\">\n\t\t\t\t\t<div class=\"elementor-column elementor-col-100 elementor-top-column elementor-element elementor-element-b59ec04\" data-id=\"b59ec04\" data-element_type=\"column\">\n\t\t\t<div class=\"elementor-widget-wrap\">\n\t\t\t\t\t\t\t<\/div>\n\t\t<\/div>\n\t\t\t\t\t<\/div>\n\t\t<\/section>\n\t\t\t\t<section class=\"elementor-section elementor-top-section elementor-element elementor-element-7ee0ed62 elementor-section-full_width elementor-section-height-default elementor-section-height-default\" data-id=\"7ee0ed62\" data-element_type=\"section\">\n\t\t\t\t\t\t<div class=\"elementor-container elementor-column-gap-no\">\n\t\t\t\t\t<div class=\"elementor-column elementor-col-66 elementor-top-column elementor-element elementor-element-5212d272\" data-id=\"5212d272\" data-element_type=\"column\">\n\t\t\t<div class=\"elementor-widget-wrap elementor-element-populated\">\n\t\t\t\t\t\t<div class=\"elementor-element elementor-element-c5ae67f elementor-hidden-phone elementor-widget-divider--view-line elementor-widget elementor-widget-divider\" data-id=\"c5ae67f\" data-element_type=\"widget\" data-widget_type=\"divider.default\">\n\t\t\t\t<div class=\"elementor-widget-container\">\n\t\t\t\t\t\t\t<div class=\"elementor-divider\">\n\t\t\t<span class=\"elementor-divider-separator\">\n\t\t\t\t\t\t<\/span>\n\t\t<\/div>\n\t\t\t\t\t\t<\/div>\n\t\t\t\t<\/div>\n\t\t\t\t<div class=\"elementor-element elementor-element-10286e92 elementor-widget elementor-widget-heading\" data-id=\"10286e92\" data-element_type=\"widget\" data-widget_type=\"heading.default\">\n\t\t\t\t<div class=\"elementor-widget-container\">\n\t\t\t\t\t<h3 class=\"elementor-heading-title elementor-size-default\">Sichere Transportl\u00f6sung f\u00fcr den Transplantationspatienten Zacharia (5) und seine Familie<br>\n<\/h3>\t\t\t\t<\/div>\n\t\t\t\t<\/div>\n\t\t\t\t<div class=\"elementor-element elementor-element-1f880aef elementor-hidden-desktop elementor-hidden-tablet elementor-widget elementor-widget-image\" data-id=\"1f880aef\" data-element_type=\"widget\" data-widget_type=\"image.default\">\n\t\t\t\t<div class=\"elementor-widget-container\">\n\t\t\t\t\t\t\t\t\t\t\t\t\t\t\t<img fetchpriority=\"high\" decoding=\"async\" width=\"768\" height=\"353\" src=\"https:\/\/curachildrensfoundation.org\/wp-content\/uploads\/2025\/10\/germ-free-landscape-768x353.png\" class=\"attachment-medium_large size-medium_large wp-image-5037\" alt=\"germ-free-landscape\" srcset=\"https:\/\/curachildrensfoundation.org\/wp-content\/uploads\/2025\/10\/germ-free-landscape-768x353.png 768w, https:\/\/curachildrensfoundation.org\/wp-content\/uploads\/2025\/10\/germ-free-landscape-300x138.png 300w, https:\/\/curachildrensfoundation.org\/wp-content\/uploads\/2025\/10\/germ-free-landscape-1024x470.png 1024w, https:\/\/curachildrensfoundation.org\/wp-content\/uploads\/2025\/10\/germ-free-landscape.png 1080w\" sizes=\"(max-width: 768px) 100vw, 768px\" \/>\t\t\t\t\t\t\t\t\t\t\t\t\t\t\t<\/div>\n\t\t\t\t<\/div>\n\t\t\t\t<div class=\"elementor-element elementor-element-7e417e86 elementor-widget elementor-widget-text-editor\" data-id=\"7e417e86\" data-element_type=\"widget\" data-widget_type=\"text-editor.default\">\n\t\t\t\t<div class=\"elementor-widget-container\">\n\t\t\t\t\t\t\t\t\t<p>Die Familie V.L. besteht aus den Eltern und vier kleinen Kindern. Ihr f\u00fcnfj\u00e4hriger Sohn <strong>Zacharia<\/strong> leidet an einer <strong>schweren Blutkrankheit<\/strong> und wird sich bald einer <strong>Knochenmark-transplantation<\/strong> an dem Universit\u00e4tsspital in Genf unterziehen.<\/p><p>Nach der Transplantation wird <strong>Zacharias Immunsystem extrem geschw\u00e4cht sein<\/strong>, <span style=\"font-weight: 400;\">sodass selbst eine einfache Infektion schwerwiegende Folgen f\u00fcr ihn haben k\u00f6nnte. Mindestens ein Jahr lang muss die Familie <strong>strenge Hygieneregeln<\/strong> befolgen, <\/span>soziale Kontakte einschr\u00e4nken und <strong>\u00f6ffentliche Verkehrsmittel<\/strong>, in denen das Infektionsrisiko hoch ist, unbedingt <strong>meiden.<\/strong><\/p><p><span style=\"font-weight: 400;\">Zacharias Mutter, die sich um alle vier Kinder k\u00fcmmert, w\u00e4hrend der Vater Vollzeit arbeitet, muss auch den engen Kontakt zu seinen Geschwistern einschr\u00e4nken, da diese noch recht jung sind und in der Schule, im Kindergarten oder auf Spielpl\u00e4tzen h\u00e4ufig <strong>Kinderkrankheiten<\/strong> ausgesetzt sind. <\/span><\/p><p>Das <b>Lastenfahrrad<\/b><span style=\"font-weight: 400;\"> w\u00fcrde den Alltag der Familie erheblich erleichtern, da Zacharia im vorderen Teil und seine Geschwister im hinteren Teil sitzen w\u00fcrden. Die Mutter k\u00f6nnte Zacharia dann sicher zu seinen zahlreichen Arztterminen bringen und die anderen Kinder zu ihren Bestimmungsorten fahren, wobei sie stets den <strong>erforderlichen Abstand<\/strong> zwischen ihnen einhalten k\u00f6nnte. <\/span><\/p><p>Ihre Spenden erm\u00f6glichen dieser Familie <strong>Mobilit\u00e4t und Sicherheit<\/strong> in dieser sehr emotionalen und sehr herausfordernden Zeit.<\/p>\t\t\t\t\t\t\t\t<\/div>\n\t\t\t\t<\/div>\n\t\t\t\t<div class=\"elementor-element elementor-element-15ad9f7e elementor-widget elementor-widget-heading\" data-id=\"15ad9f7e\" data-element_type=\"widget\" data-widget_type=\"heading.default\">\n\t\t\t\t<div class=\"elementor-widget-container\">\n\t\t\t\t\t<h2 class=\"elementor-heading-title elementor-size-default\">Vielen Dank - jeder noch so kleine Betrag z\u00e4hlt!<\/h2>\t\t\t\t<\/div>\n\t\t\t\t<\/div>\n\t\t\t\t\t<\/div>\n\t\t<\/div>\n\t\t\t\t<div class=\"elementor-column elementor-col-33 elementor-top-column elementor-element elementor-element-10b3c62d\" data-id=\"10b3c62d\" data-element_type=\"column\" data-settings=\"{&quot;background_background&quot;:&quot;classic&quot;}\">\n\t\t\t<div class=\"elementor-widget-wrap elementor-element-populated\">\n\t\t\t\t\t\t<div class=\"elementor-element elementor-element-1b5cf798 elementor-widget elementor-widget-shortcode\" data-id=\"1b5cf798\" data-element_type=\"widget\" data-widget_type=\"shortcode.default\">\n\t\t\t\t<div class=\"elementor-widget-container\">\n\t\t\t\t\t\t\t<div class=\"elementor-shortcode\"><style type=\"text\/css\" media=\"screen\">\n@media only screen and (max-width: 768px) {\n\t.campaign-loop.campaign-grid.masonry { -moz-column-count: 1; -webkit-column-count: 1; column-count: 1; }\n\t.campaign-loop.campaign-grid .campaign,.campaign-loop.campaign-grid .campaign.hentry { width: 100% !important; }\n}\n<\/style>\n\t\t<ol class=\"campaign-loop campaign-grid campaign-grid-2\">\n\n<li id=\"campaign-5061\" class=\"post-5061 campaign type-campaign status-publish has-post-thumbnail hentry campaign-has-goal campaign-has-achieved-goal campaign-is-endless\">\n\t<a href=\"https:\/\/curachildrensfoundation.org\/de\/campaigns\/germ-free-mobility-for-a-young-patient-geneva-switzerland\/\">\n\t\t<img decoding=\"async\" width=\"300\" height=\"195\" src=\"https:\/\/curachildrensfoundation.org\/wp-content\/uploads\/2023\/06\/Cura-graph-transparent-300x195.png\" class=\"attachment-medium size-medium\" alt=\"\" srcset=\"https:\/\/curachildrensfoundation.org\/wp-content\/uploads\/2023\/06\/Cura-graph-transparent-300x195.png 300w, https:\/\/curachildrensfoundation.org\/wp-content\/uploads\/2023\/06\/Cura-graph-transparent-1024x667.png 1024w, https:\/\/curachildrensfoundation.org\/wp-content\/uploads\/2023\/06\/Cura-graph-transparent-768x500.png 768w, https:\/\/curachildrensfoundation.org\/wp-content\/uploads\/2023\/06\/Cura-graph-transparent.png 1100w\" sizes=\"(max-width: 300px) 100vw, 300px\" \/>\n\t\t<h3>Einen jungen Patienten retten \u2013 Genf, Schweiz<\/h3>\n\n\t\t\t<\/a>\n\t<div class=\"campaign-description\">\n\t<\/div>\n<div class=\"campaign-progress-bar\" role=\"progressbar\" aria-valuemin=\"0\" aria-valuemax=\"100\" aria-valuenow=\"100\"><span class=\"bar\" style=\"width: 100%;\"><\/span><\/div>\n<div class=\"campaign-donation-stats\">\n<span class=\"amount\">&#67;&#72;&#70;&nbsp;5,788.00<\/span> von <span class=\"goal-amount\">&#67;&#72;&#70;&nbsp;5,788.00<\/span> erreicht<\/div>\n<div class=\"campaign-donation\">\n\t<a data-trigger-modal=\"charitable-donation-form-modal-loop\"\n\t\tdata-campaign-id=\"5061\"\n\t\tclass=\"button charitable-button donate-button button-primary\"\n\t\thref=\"https:\/\/curachildrensfoundation.org\/de\/campaigns\/germ-free-mobility-for-a-young-patient-geneva-switzerland\/donate\/\"\n\t\t\t\taria-label=\"Spenden Sie an Einen jungen Patienten retten \u2013 Genf, Schweiz\">\n\t\tSpenden\t<\/a>\n<\/div>\n<\/li>\n<\/ol>\n<\/div>\n\t\t\t\t\t\t<\/div>\n\t\t\t\t<\/div>\n\t\t\t\t\t<\/div>\n\t\t<\/div>\n\t\t\t\t\t<\/div>\n\t\t<\/section>\n\t\t\t\t<section class=\"elementor-section elementor-top-section elementor-element elementor-element-1ed01bec elementor-section-boxed elementor-section-height-default elementor-section-height-default\" data-id=\"1ed01bec\" data-element_type=\"section\">\n\t\t\t\t\t\t<div class=\"elementor-container elementor-column-gap-default\">\n\t\t\t\t\t<div class=\"elementor-column elementor-col-25 elementor-top-column elementor-element elementor-element-1281b808 elementor-hidden-phone\" data-id=\"1281b808\" data-element_type=\"column\">\n\t\t\t<div class=\"elementor-widget-wrap\">\n\t\t\t\t\t\t\t<\/div>\n\t\t<\/div>\n\t\t\t\t<div class=\"elementor-column elementor-col-50 elementor-top-column elementor-element elementor-element-6743b5fe\" data-id=\"6743b5fe\" data-element_type=\"column\">\n\t\t\t<div class=\"elementor-widget-wrap elementor-element-populated\">\n\t\t\t\t\t\t<section class=\"elementor-section elementor-inner-section elementor-element elementor-element-7944b8d3 elementor-section-full_width elementor-section-height-default elementor-section-height-default\" data-id=\"7944b8d3\" data-element_type=\"section\">\n\t\t\t\t\t\t<div class=\"elementor-container elementor-column-gap-no\">\n\t\t\t\t\t<div class=\"elementor-column elementor-col-50 elementor-inner-column elementor-element elementor-element-2ae2a558\" data-id=\"2ae2a558\" data-element_type=\"column\">\n\t\t\t<div class=\"elementor-widget-wrap elementor-element-populated\">\n\t\t\t\t\t\t<div class=\"elementor-element elementor-element-6ba4dd69 elementor-widget elementor-widget-heading\" data-id=\"6ba4dd69\" data-element_type=\"widget\" data-widget_type=\"heading.default\">\n\t\t\t\t<div class=\"elementor-widget-container\">\n\t\t\t\t\t<span class=\"elementor-heading-title elementor-size-default\">Teilen Sie diese Sache, w\u00e4hlen Sie Ihre Plattform!<\/span>\t\t\t\t<\/div>\n\t\t\t\t<\/div>\n\t\t\t\t\t<\/div>\n\t\t<\/div>\n\t\t\t\t<div class=\"elementor-column elementor-col-50 elementor-inner-column elementor-element elementor-element-61f006e5\" data-id=\"61f006e5\" data-element_type=\"column\">\n\t\t\t<div class=\"elementor-widget-wrap elementor-element-populated\">\n\t\t\t\t\t\t<div class=\"elementor-element elementor-element-25b15eda elementor-share-buttons--view-icon elementor-share-buttons--align-left elementor-share-buttons-mobile--align-center elementor-share-buttons--skin-gradient elementor-share-buttons--shape-square elementor-grid-0 elementor-share-buttons--color-official elementor-widget elementor-widget-share-buttons\" data-id=\"25b15eda\" data-element_type=\"widget\" data-widget_type=\"share-buttons.default\">\n\t\t\t\t<div class=\"elementor-widget-container\">\n\t\t\t\t\t\t\t<div class=\"elementor-grid\" role=\"list\">\n\t\t\t\t\t\t\t\t<div class=\"elementor-grid-item\" role=\"listitem\">\n\t\t\t\t\t\t<div class=\"elementor-share-btn elementor-share-btn_facebook\" role=\"button\" tabindex=\"0\" aria-label=\"Teilen auf facebook\">\n\t\t\t\t\t\t\t\t\t\t\t\t\t\t\t<span class=\"elementor-share-btn__icon\">\n\t\t\t\t\t\t\t\t<i class=\"fab fa-facebook\" aria-hidden=\"true\"><\/i>\t\t\t\t\t\t\t<\/span>\n\t\t\t\t\t\t\t\t\t\t\t\t\t\t\t\t\t\t\t\t<\/div>\n\t\t\t\t\t<\/div>\n\t\t\t\t\t\t\t\t\t<div class=\"elementor-grid-item\" role=\"listitem\">\n\t\t\t\t\t\t<div class=\"elementor-share-btn elementor-share-btn_twitter\" role=\"button\" tabindex=\"0\" aria-label=\"Teilen auf twitter\">\n\t\t\t\t\t\t\t\t\t\t\t\t\t\t\t<span class=\"elementor-share-btn__icon\">\n\t\t\t\t\t\t\t\t<i class=\"fab fa-twitter\" aria-hidden=\"true\"><\/i>\t\t\t\t\t\t\t<\/span>\n\t\t\t\t\t\t\t\t\t\t\t\t\t\t\t\t\t\t\t\t<\/div>\n\t\t\t\t\t<\/div>\n\t\t\t\t\t\t\t\t\t<div class=\"elementor-grid-item\" role=\"listitem\">\n\t\t\t\t\t\t<div class=\"elementor-share-btn elementor-share-btn_linkedin\" role=\"button\" tabindex=\"0\" aria-label=\"Teilen auf linkedin\">\n\t\t\t\t\t\t\t\t\t\t\t\t\t\t\t<span class=\"elementor-share-btn__icon\">\n\t\t\t\t\t\t\t\t<i class=\"fab fa-linkedin\" aria-hidden=\"true\"><\/i>\t\t\t\t\t\t\t<\/span>\n\t\t\t\t\t\t\t\t\t\t\t\t\t\t\t\t\t\t\t\t<\/div>\n\t\t\t\t\t<\/div>\n\t\t\t\t\t\t\t\t\t<div class=\"elementor-grid-item\" role=\"listitem\">\n\t\t\t\t\t\t<div class=\"elementor-share-btn elementor-share-btn_email\" role=\"button\" tabindex=\"0\" aria-label=\"Teilen auf email\">\n\t\t\t\t\t\t\t\t\t\t\t\t\t\t\t<span class=\"elementor-share-btn__icon\">\n\t\t\t\t\t\t\t\t<i class=\"fas fa-envelope\" aria-hidden=\"true\"><\/i>\t\t\t\t\t\t\t<\/span>\n\t\t\t\t\t\t\t\t\t\t\t\t\t\t\t\t\t\t\t\t<\/div>\n\t\t\t\t\t<\/div>\n\t\t\t\t\t\t<\/div>\n\t\t\t\t\t\t<\/div>\n\t\t\t\t<\/div>\n\t\t\t\t\t<\/div>\n\t\t<\/div>\n\t\t\t\t\t<\/div>\n\t\t<\/section>\n\t\t\t\t\t<\/div>\n\t\t<\/div>\n\t\t\t\t<div class=\"elementor-column elementor-col-25 elementor-top-column elementor-element elementor-element-39bebd5f elementor-hidden-phone\" data-id=\"39bebd5f\" data-element_type=\"column\">\n\t\t\t<div class=\"elementor-widget-wrap\">\n\t\t\t\t\t\t\t<\/div>\n\t\t<\/div>\n\t\t\t\t\t<\/div>\n\t\t<\/section>\n\t\t\t\t<\/div>\n\t\t","protected":false},"excerpt":{"rendered":"<p>Sichere Transportl\u00f6sung f\u00fcr den Transplantationspatienten Zacharia (5) und seine Familie Die Familie V.L. besteht aus den Eltern und vier kleinen Kindern. Ihr f\u00fcnfj\u00e4hriger Sohn Zacharia leidet an einer schweren Blutkrankheit und wird sich bald einer Knochenmark-transplantation an dem Universit\u00e4tsspital in Genf unterziehen. Nach der Transplantation wird Zacharias Immunsystem extrem geschw\u00e4cht sein, sodass selbst eine einfache [&hellip;]<\/p>\n","protected":false},"author":1,"featured_media":0,"parent":0,"menu_order":0,"comment_status":"closed","ping_status":"closed","template":"elementor_header_footer","meta":{"footnotes":""},"class_list":["post-5071","page","type-page","status-publish","hentry","campaign-has-goal","campaign-has-achieved-goal","campaign-is-endless"],"_links":{"self":[{"href":"https:\/\/curachildrensfoundation.org\/de\/wp-json\/wp\/v2\/pages\/5071","targetHints":{"allow":["GET"]}}],"collection":[{"href":"https:\/\/curachildrensfoundation.org\/de\/wp-json\/wp\/v2\/pages"}],"about":[{"href":"https:\/\/curachildrensfoundation.org\/de\/wp-json\/wp\/v2\/types\/page"}],"author":[{"embeddable":true,"href":"https:\/\/curachildrensfoundation.org\/de\/wp-json\/wp\/v2\/users\/1"}],"replies":[{"embeddable":true,"href":"https:\/\/curachildrensfoundation.org\/de\/wp-json\/wp\/v2\/comments?post=5071"}],"version-history":[{"count":22,"href":"https:\/\/curachildrensfoundation.org\/de\/wp-json\/wp\/v2\/pages\/5071\/revisions"}],"predecessor-version":[{"id":5436,"href":"https:\/\/curachildrensfoundation.org\/de\/wp-json\/wp\/v2\/pages\/5071\/revisions\/5436"}],"wp:attachment":[{"href":"https:\/\/curachildrensfoundation.org\/de\/wp-json\/wp\/v2\/media?parent=5071"}],"curies":[{"name":"wp","href":"https:\/\/api.w.org\/{rel}","templated":true}]}}