{"id":1726,"date":"2023-05-11T15:21:32","date_gmt":"2023-05-11T13:21:32","guid":{"rendered":"https:\/\/curachildrensfoundation.org\/fruehere-projekte\/"},"modified":"2026-04-19T16:03:24","modified_gmt":"2026-04-19T14:03:24","slug":"realisierte-projekte","status":"publish","type":"page","link":"https:\/\/curachildrensfoundation.org\/de\/realisierte-projekte\/","title":{"rendered":"Realisierte Projekte"},"content":{"rendered":"\t\t<div data-elementor-type=\"wp-page\" data-elementor-id=\"1726\" class=\"elementor elementor-1726 elementor-191\" data-elementor-post-type=\"page\">\n\t\t\t\t\t\t<section class=\"elementor-section elementor-top-section elementor-element elementor-element-710e35f4 animated-slow elementor-section-boxed elementor-section-height-default elementor-section-height-default elementor-invisible\" data-id=\"710e35f4\" data-element_type=\"section\" data-settings=\"{&quot;animation&quot;:&quot;fadeIn&quot;}\">\n\t\t\t\t\t\t<div class=\"elementor-container elementor-column-gap-default\">\n\t\t\t\t\t<div class=\"elementor-column elementor-col-100 elementor-top-column elementor-element elementor-element-f86173f\" data-id=\"f86173f\" data-element_type=\"column\">\n\t\t\t<div class=\"elementor-widget-wrap elementor-element-populated\">\n\t\t\t\t\t\t<div class=\"elementor-element elementor-element-25bcf8cb elementor-widget elementor-widget-heading\" data-id=\"25bcf8cb\" data-element_type=\"widget\" data-widget_type=\"heading.default\">\n\t\t\t\t<div class=\"elementor-widget-container\">\n\t\t\t\t\t<h3 class=\"elementor-heading-title elementor-size-default\">Realisierte Projekte<\/h3>\t\t\t\t<\/div>\n\t\t\t\t<\/div>\n\t\t\t\t<div class=\"elementor-element elementor-element-13fbe6c5 elementor-widget-divider--view-line elementor-widget elementor-widget-divider\" data-id=\"13fbe6c5\" data-element_type=\"widget\" data-widget_type=\"divider.default\">\n\t\t\t\t<div class=\"elementor-widget-container\">\n\t\t\t\t\t\t\t<div class=\"elementor-divider\">\n\t\t\t<span class=\"elementor-divider-separator\">\n\t\t\t\t\t\t<\/span>\n\t\t<\/div>\n\t\t\t\t\t\t<\/div>\n\t\t\t\t<\/div>\n\t\t\t\t\t<\/div>\n\t\t<\/div>\n\t\t\t\t\t<\/div>\n\t\t<\/section>\n\t\t\t\t<section class=\"elementor-section elementor-top-section elementor-element elementor-element-7683c66 elementor-section-boxed elementor-section-height-default elementor-section-height-default\" data-id=\"7683c66\" data-element_type=\"section\">\n\t\t\t\t\t\t<div class=\"elementor-container elementor-column-gap-extended\">\n\t\t\t\t\t<div class=\"elementor-column elementor-col-33 elementor-top-column elementor-element elementor-element-660a41d3\" data-id=\"660a41d3\" data-element_type=\"column\">\n\t\t\t<div class=\"elementor-widget-wrap elementor-element-populated\">\n\t\t\t\t\t\t<div class=\"elementor-element elementor-element-54f6ccf5 elementor-widget elementor-widget-heading\" data-id=\"54f6ccf5\" data-element_type=\"widget\" data-widget_type=\"heading.default\">\n\t\t\t\t<div class=\"elementor-widget-container\">\n\t\t\t\t\t<h3 class=\"elementor-heading-title elementor-size-default\">Projekt 1<\/h3>\t\t\t\t<\/div>\n\t\t\t\t<\/div>\n\t\t\t\t<div class=\"elementor-element elementor-element-73adf8a2 elementor-widget elementor-widget-image\" data-id=\"73adf8a2\" data-element_type=\"widget\" data-widget_type=\"image.default\">\n\t\t\t\t<div class=\"elementor-widget-container\">\n\t\t\t\t\t\t\t\t\t\t\t\t\t\t\t\t<a href=\"https:\/\/curachildrensfoundation.org\/de\/abc-new-york-harlem-usa\/\">\n\t\t\t\t\t\t\t<img fetchpriority=\"high\" decoding=\"async\" width=\"483\" height=\"509\" src=\"https:\/\/curachildrensfoundation.org\/wp-content\/uploads\/2023\/05\/ABC-Cheque-e1604419441826-2.png\" class=\"attachment-full size-full wp-image-1623\" alt=\"\" srcset=\"https:\/\/curachildrensfoundation.org\/wp-content\/uploads\/2023\/05\/ABC-Cheque-e1604419441826-2.png 483w, https:\/\/curachildrensfoundation.org\/wp-content\/uploads\/2023\/05\/ABC-Cheque-e1604419441826-2-285x300.png 285w\" sizes=\"(max-width: 483px) 100vw, 483px\" \/>\t\t\t\t\t\t\t\t<\/a>\n\t\t\t\t\t\t\t\t\t\t\t\t\t\t\t<\/div>\n\t\t\t\t<\/div>\n\t\t\t\t<div class=\"elementor-element elementor-element-2bb0cae3 elementor-widget elementor-widget-image-box\" data-id=\"2bb0cae3\" data-element_type=\"widget\" data-widget_type=\"image-box.default\">\n\t\t\t\t<div class=\"elementor-widget-container\">\n\t\t\t\t\t<div class=\"elementor-image-box-wrapper\"><div class=\"elementor-image-box-content\"><h3 class=\"elementor-image-box-title\"><a href=\"https:\/\/curachildrensfoundation.org\/de\/abc-new-york-harlem-usa\/\">ABC \u2013 New York Harlem, USA<br> <div class=\"date\">Juni - September 2020<\/div><\/a><\/h3><p class=\"elementor-image-box-description\">Durch Eure grossz\u00fcgigen Spenden konnten wir $ 8,500 sammeln und haben somit das Ziel f\u00fcr unser erstes Projekts erreicht.<br><br>Mit Eurer Hilfe wird ABC 3'000 warme Mahlzeiten f\u00fcr viele Familien und Kinder in Not in East Harlem austeilen, die w\u00e4hrend der Covid-Pandemie besonders hart betroffen sind.\nDar\u00fcber hinaus werden 500 Familien von ABC-Therapeuten psychologische Betreuung erhalten.<br><br>\nWir danken Euch, ABC dankt Euch und die Familien danken Euch.<br><br> <a href=\"https:\/\/curachildrensfoundation.org\/de\/abc-new-york-harlem-usa\/\">Weiterlesen<\/a><\/p><\/div><\/div>\t\t\t\t<\/div>\n\t\t\t\t<\/div>\n\t\t\t\t\t<\/div>\n\t\t<\/div>\n\t\t\t\t<div class=\"elementor-column elementor-col-33 elementor-top-column elementor-element elementor-element-416af8e\" data-id=\"416af8e\" data-element_type=\"column\">\n\t\t\t<div class=\"elementor-widget-wrap elementor-element-populated\">\n\t\t\t\t\t\t<div class=\"elementor-element elementor-element-21d72933 elementor-widget elementor-widget-heading\" data-id=\"21d72933\" data-element_type=\"widget\" data-widget_type=\"heading.default\">\n\t\t\t\t<div class=\"elementor-widget-container\">\n\t\t\t\t\t<h3 class=\"elementor-heading-title elementor-size-default\">Projekt 2<\/h3>\t\t\t\t<\/div>\n\t\t\t\t<\/div>\n\t\t\t\t<div class=\"elementor-element elementor-element-3ae00d97 elementor-widget elementor-widget-image\" data-id=\"3ae00d97\" data-element_type=\"widget\" data-widget_type=\"image.default\">\n\t\t\t\t<div class=\"elementor-widget-container\">\n\t\t\t\t\t\t\t\t\t\t\t\t\t\t\t\t<a href=\"https:\/\/curachildrensfoundation.org\/de\/freiheit-zum-skifahren-chateau-doex\/\">\n\t\t\t\t\t\t\t<img decoding=\"async\" width=\"483\" height=\"509\" src=\"https:\/\/curachildrensfoundation.org\/wp-content\/uploads\/2023\/05\/Liberte.jpg\" class=\"attachment-full size-full wp-image-1622\" alt=\"\" srcset=\"https:\/\/curachildrensfoundation.org\/wp-content\/uploads\/2023\/05\/Liberte.jpg 483w, https:\/\/curachildrensfoundation.org\/wp-content\/uploads\/2023\/05\/Liberte-285x300.jpg 285w\" sizes=\"(max-width: 483px) 100vw, 483px\" \/>\t\t\t\t\t\t\t\t<\/a>\n\t\t\t\t\t\t\t\t\t\t\t\t\t\t\t<\/div>\n\t\t\t\t<\/div>\n\t\t\t\t<div class=\"elementor-element elementor-element-4662157 elementor-widget elementor-widget-image-box\" data-id=\"4662157\" data-element_type=\"widget\" data-widget_type=\"image-box.default\">\n\t\t\t\t<div class=\"elementor-widget-container\">\n\t\t\t\t\t<div class=\"elementor-image-box-wrapper\"><div class=\"elementor-image-box-content\"><h3 class=\"elementor-image-box-title\"><a href=\"https:\/\/curachildrensfoundation.org\/de\/freiheit-zum-skifahren-chateau-doex\/\">Freedom to Ski - Ch\u00e2teau d\u2019Oex, Schweiz<br> <div class=\"date\">Dezember 2020 - M\u00e4rz 2021<\/div><\/a><\/h3><p class=\"elementor-image-box-description\">Vielen Dank f\u00fcr Ihre Gro\u00dfz\u00fcgigkeit! Dank der gesammelten CHF 12'500 konnten wir ein Tandem Flex Ski f\u00fcr den\u00a0<a href=\"http:\/\/capdenho.ch\/loisirs-adaptes\/le-ski\/\" target=\"_blank\" rel=\"noopener noreferrer\">Verein Capdenho<\/a>\u00a0bestellen. Damit k\u00f6nnen zirka 250 Kinder mit Behinderungen einen Tag im Jahr die Freude am Skifahren erleben. <br><br> Es ist ein unvergessliches Erlebnis f\u00fcr diese jungen Menschen und ihre Familien, die sie begleiten: ein Gl\u00fccksmoment und eine Auszeit in frischer Luft!<br><br> <a href=\"https:\/\/curachildrensfoundation.org\/de\/freiheit-zum-skifahren-chateau-doex\/\">Weiterlesen<\/a><\/p><\/div><\/div>\t\t\t\t<\/div>\n\t\t\t\t<\/div>\n\t\t\t\t\t<\/div>\n\t\t<\/div>\n\t\t\t\t<div class=\"elementor-column elementor-col-33 elementor-top-column elementor-element elementor-element-7c358dc9\" data-id=\"7c358dc9\" data-element_type=\"column\">\n\t\t\t<div class=\"elementor-widget-wrap elementor-element-populated\">\n\t\t\t\t\t\t<div class=\"elementor-element elementor-element-78dbff0b elementor-widget elementor-widget-heading\" data-id=\"78dbff0b\" data-element_type=\"widget\" data-widget_type=\"heading.default\">\n\t\t\t\t<div class=\"elementor-widget-container\">\n\t\t\t\t\t<h3 class=\"elementor-heading-title elementor-size-default\">Projekt 3<\/h3>\t\t\t\t<\/div>\n\t\t\t\t<\/div>\n\t\t\t\t<div class=\"elementor-element elementor-element-7036e3c6 elementor-widget elementor-widget-image\" data-id=\"7036e3c6\" data-element_type=\"widget\" data-widget_type=\"image.default\">\n\t\t\t\t<div class=\"elementor-widget-container\">\n\t\t\t\t\t\t\t\t\t\t\t\t\t\t\t\t<a href=\"https:\/\/curachildrensfoundation.org\/de\/julians-parcours-basel-schweiz\/\">\n\t\t\t\t\t\t\t<img decoding=\"async\" width=\"652\" height=\"1024\" src=\"https:\/\/curachildrensfoundation.org\/wp-content\/uploads\/2023\/05\/Past-Project-Julian_E-1304x2048-1-652x1024.jpeg\" class=\"attachment-large size-large wp-image-1621\" alt=\"\" srcset=\"https:\/\/curachildrensfoundation.org\/wp-content\/uploads\/2023\/05\/Past-Project-Julian_E-1304x2048-1-652x1024.jpeg 652w, https:\/\/curachildrensfoundation.org\/wp-content\/uploads\/2023\/05\/Past-Project-Julian_E-1304x2048-1-191x300.jpeg 191w, https:\/\/curachildrensfoundation.org\/wp-content\/uploads\/2023\/05\/Past-Project-Julian_E-1304x2048-1-768x1206.jpeg 768w, https:\/\/curachildrensfoundation.org\/wp-content\/uploads\/2023\/05\/Past-Project-Julian_E-1304x2048-1-978x1536.jpeg 978w, https:\/\/curachildrensfoundation.org\/wp-content\/uploads\/2023\/05\/Past-Project-Julian_E-1304x2048-1.jpeg 1304w\" sizes=\"(max-width: 652px) 100vw, 652px\" \/>\t\t\t\t\t\t\t\t<\/a>\n\t\t\t\t\t\t\t\t\t\t\t\t\t\t\t<\/div>\n\t\t\t\t<\/div>\n\t\t\t\t<div class=\"elementor-element elementor-element-5985497e elementor-widget elementor-widget-image-box\" data-id=\"5985497e\" data-element_type=\"widget\" data-widget_type=\"image-box.default\">\n\t\t\t\t<div class=\"elementor-widget-container\">\n\t\t\t\t\t<div class=\"elementor-image-box-wrapper\"><div class=\"elementor-image-box-content\"><h3 class=\"elementor-image-box-title\"><a href=\"https:\/\/curachildrensfoundation.org\/de\/julians-parcours-basel-schweiz\/\">Julians Parcours - Basel, Schweiz  <br> <div class=\"date\">Juni - August 2021<\/div><\/a><\/h3><p class=\"elementor-image-box-description\"><a href=\"https:\/\/curachildrensfoundation.org\/de\/julians-parcours-basel-schweiz\/\">Weiterlesen<\/a><\/p><\/div><\/div>\t\t\t\t<\/div>\n\t\t\t\t<\/div>\n\t\t\t\t\t<\/div>\n\t\t<\/div>\n\t\t\t\t\t<\/div>\n\t\t<\/section>\n\t\t\t\t<section class=\"elementor-section elementor-top-section elementor-element elementor-element-2b5113fe elementor-section-boxed elementor-section-height-default elementor-section-height-default\" data-id=\"2b5113fe\" data-element_type=\"section\">\n\t\t\t\t\t\t<div class=\"elementor-container elementor-column-gap-extended\">\n\t\t\t\t\t<div class=\"elementor-column elementor-col-33 elementor-top-column elementor-element elementor-element-69ed4c3\" data-id=\"69ed4c3\" data-element_type=\"column\">\n\t\t\t<div class=\"elementor-widget-wrap elementor-element-populated\">\n\t\t\t\t\t\t<div class=\"elementor-element elementor-element-60f9b0cf elementor-widget elementor-widget-heading\" data-id=\"60f9b0cf\" data-element_type=\"widget\" data-widget_type=\"heading.default\">\n\t\t\t\t<div class=\"elementor-widget-container\">\n\t\t\t\t\t<h3 class=\"elementor-heading-title elementor-size-default\">Projekt 4<\/h3>\t\t\t\t<\/div>\n\t\t\t\t<\/div>\n\t\t\t\t<div class=\"elementor-element elementor-element-52c4bf33 elementor-widget elementor-widget-image\" data-id=\"52c4bf33\" data-element_type=\"widget\" data-widget_type=\"image.default\">\n\t\t\t\t<div class=\"elementor-widget-container\">\n\t\t\t\t\t\t\t\t\t\t\t\t\t\t\t\t<a href=\"https:\/\/curachildrensfoundation.org\/de\/notschlafstelle-nemo-zuerich-schweiz\/\">\n\t\t\t\t\t\t\t<img loading=\"lazy\" decoding=\"async\" width=\"1536\" height=\"1083\" src=\"https:\/\/curachildrensfoundation.org\/wp-content\/uploads\/2023\/05\/zurich_slider-1536x1083-1.jpg\" class=\"attachment-full size-full wp-image-1620\" alt=\"\" srcset=\"https:\/\/curachildrensfoundation.org\/wp-content\/uploads\/2023\/05\/zurich_slider-1536x1083-1.jpg 1536w, https:\/\/curachildrensfoundation.org\/wp-content\/uploads\/2023\/05\/zurich_slider-1536x1083-1-300x212.jpg 300w, https:\/\/curachildrensfoundation.org\/wp-content\/uploads\/2023\/05\/zurich_slider-1536x1083-1-1024x722.jpg 1024w, https:\/\/curachildrensfoundation.org\/wp-content\/uploads\/2023\/05\/zurich_slider-1536x1083-1-768x542.jpg 768w\" sizes=\"(max-width: 1536px) 100vw, 1536px\" \/>\t\t\t\t\t\t\t\t<\/a>\n\t\t\t\t\t\t\t\t\t\t\t\t\t\t\t<\/div>\n\t\t\t\t<\/div>\n\t\t\t\t<div class=\"elementor-element elementor-element-3e4dd048 elementor-widget elementor-widget-image-box\" data-id=\"3e4dd048\" data-element_type=\"widget\" data-widget_type=\"image-box.default\">\n\t\t\t\t<div class=\"elementor-widget-container\">\n\t\t\t\t\t<div class=\"elementor-image-box-wrapper\"><div class=\"elementor-image-box-content\"><h3 class=\"elementor-image-box-title\"><a href=\"https:\/\/curachildrensfoundation.org\/de\/notschlafstelle-nemo-zuerich-schweiz\/\">Notschlafstelle Nemo - Z\u00fcrich, Schweiz<br> <div class=\"date\">November 2021 - Februar 2022<\/div><\/a><\/h3><p class=\"elementor-image-box-description\">Unsere Erwartungen bez\u00fcglich der Spendensumme wurden dank Eurer Grossz\u00fcgigkeit bei weitem \u00fcbertroffen. Wir haben statt CHF 15'000,- die Gesamtsumme von CHF 20'000,- gesammelt, die nun an Nemo geht.\n<br><br>\nNemo ist die einzige Notschlafstelle in der Schweiz f\u00fcr Jugendliche zwischen 16 und 23 Jahren. Sie bietet jungen Menschen, die auf der Strasse leben oder kein Zuhause haben, Schutz, Sicherheit und sozialarbeiterische Unterst\u00fctzung.<br><br>Die Notschlafstelle verf\u00fcgt \u00fcber 10 Pl\u00e4tze und ist 365 N\u00e4chte im Jahr ge\u00f6ffnet.\nDurch die Partnerschaft mit Nemo konnte genug Geld f\u00fcr 16 Wochen \u00dcbernachtungspakete gesammelt werden, welche besonders in diesem strengen Winter hilfreich waren. <br><br>Was  f\u00fcr ein Erfolg, den wir Euch allen zu verdanken haben.\n<br><br>\n<a href=\"https:\/\/curachildrensfoundation.org\/de\/notschlafstelle-nemo-zuerich-schweiz\/\">Weiterlesen<\/a><\/p><\/div><\/div>\t\t\t\t<\/div>\n\t\t\t\t<\/div>\n\t\t\t\t\t<\/div>\n\t\t<\/div>\n\t\t\t\t<div class=\"elementor-column elementor-col-33 elementor-top-column elementor-element elementor-element-331172aa\" data-id=\"331172aa\" data-element_type=\"column\">\n\t\t\t<div class=\"elementor-widget-wrap elementor-element-populated\">\n\t\t\t\t\t\t<div class=\"elementor-element elementor-element-7be16731 elementor-widget elementor-widget-heading\" data-id=\"7be16731\" data-element_type=\"widget\" data-widget_type=\"heading.default\">\n\t\t\t\t<div class=\"elementor-widget-container\">\n\t\t\t\t\t<h3 class=\"elementor-heading-title elementor-size-default\">Projekt 5<\/h3>\t\t\t\t<\/div>\n\t\t\t\t<\/div>\n\t\t\t\t<div class=\"elementor-element elementor-element-177fd246 elementor-widget elementor-widget-image\" data-id=\"177fd246\" data-element_type=\"widget\" data-widget_type=\"image.default\">\n\t\t\t\t<div class=\"elementor-widget-container\">\n\t\t\t\t\t\t\t\t\t\t\t\t\t\t\t\t<a href=\"https:\/\/curachildrensfoundation.org\/de\/assistenzhund-fuer-ein-rollstuhlfahrendes-kind-allschwil-schweiz\/\">\n\t\t\t\t\t\t\t<img loading=\"lazy\" decoding=\"async\" width=\"1536\" height=\"1083\" src=\"https:\/\/curachildrensfoundation.org\/wp-content\/uploads\/2023\/05\/dog-2-1536x1083-1.jpg\" class=\"attachment-full size-full wp-image-1619\" alt=\"\" srcset=\"https:\/\/curachildrensfoundation.org\/wp-content\/uploads\/2023\/05\/dog-2-1536x1083-1.jpg 1536w, https:\/\/curachildrensfoundation.org\/wp-content\/uploads\/2023\/05\/dog-2-1536x1083-1-300x212.jpg 300w, https:\/\/curachildrensfoundation.org\/wp-content\/uploads\/2023\/05\/dog-2-1536x1083-1-1024x722.jpg 1024w, https:\/\/curachildrensfoundation.org\/wp-content\/uploads\/2023\/05\/dog-2-1536x1083-1-768x542.jpg 768w\" sizes=\"(max-width: 1536px) 100vw, 1536px\" \/>\t\t\t\t\t\t\t\t<\/a>\n\t\t\t\t\t\t\t\t\t\t\t\t\t\t\t<\/div>\n\t\t\t\t<\/div>\n\t\t\t\t<div class=\"elementor-element elementor-element-666b7519 elementor-widget elementor-widget-image-box\" data-id=\"666b7519\" data-element_type=\"widget\" data-widget_type=\"image-box.default\">\n\t\t\t\t<div class=\"elementor-widget-container\">\n\t\t\t\t\t<div class=\"elementor-image-box-wrapper\"><div class=\"elementor-image-box-content\"><h3 class=\"elementor-image-box-title\"><a href=\"https:\/\/curachildrensfoundation.org\/de\/assistenzhund-fuer-ein-rollstuhlfahrendes-kind-allschwil-schweiz\/\">Assistenzhund f\u00fcr ein Kind im Rollstuhl - Allschwil, Schweiz<br> <div class=\"date\">April - Juli 2022<\/div><\/a><\/h3><p class=\"elementor-image-box-description\">Einer der sch\u00f6nsten Tage in Laras Leben war im August 2022. Sie wurde endlich vereint mit ihrem lang ersehnten Assistenzhund Ilay, der ein 2,5-j\u00e4hriges intensives Trainingsprogramm bei der Stiftung Schweizerische Schule f\u00fcr Blindenf\u00fchrhunde absolviert hatte.\nIlay wird nun Lara auf ihrem Rollstuhl immer begleiten und ihr ein liebevoller und treuer Freund auf vier Pfoten sein.<br><br>Die Ausbildung von Ilay war nicht nur sehr zeitaufwendig, sondern auch extrem teuer. Ohne das sehr grossz\u00fcgige Angebot der Mon Soleil Fondazione, 2\/3 der Gesamtkosten von CHF 48'000,- zu \u00fcbernehmen, h\u00e4tten wir diese Summe nicht erreichen k\u00f6nnen.\n\nSchlussendlich, dank der Unterst\u00fctzung all unserer herzlichen Spenderinnen und Spender konnten wir unser Ziel sogar noch um CHF 2'535,- \u00fcbertreffen und damit einige Arztrechnungen und Futter f\u00fcr Ilay zu \u00fcbernehmen.<br><br>\nEIN HOCH AUF LARA UND ILAY UND AUF ALLE, DIE DIES ERM\u00d6GLICHT HABEN!<br><br>\n<a href=\"https:\/\/curachildrensfoundation.org\/de\/assistenzhund-fuer-ein-rollstuhlfahrendes-kind-allschwil-schweiz\/\">Weiterlesen<\/a><\/p><\/div><\/div>\t\t\t\t<\/div>\n\t\t\t\t<\/div>\n\t\t\t\t\t<\/div>\n\t\t<\/div>\n\t\t\t\t<div class=\"elementor-column elementor-col-33 elementor-top-column elementor-element elementor-element-771339d5\" data-id=\"771339d5\" data-element_type=\"column\">\n\t\t\t<div class=\"elementor-widget-wrap elementor-element-populated\">\n\t\t\t\t\t\t<div class=\"elementor-element elementor-element-59700cf5 elementor-widget elementor-widget-heading\" data-id=\"59700cf5\" data-element_type=\"widget\" data-widget_type=\"heading.default\">\n\t\t\t\t<div class=\"elementor-widget-container\">\n\t\t\t\t\t<h3 class=\"elementor-heading-title elementor-size-default\">Projekt 6<\/h3>\t\t\t\t<\/div>\n\t\t\t\t<\/div>\n\t\t\t\t<div class=\"elementor-element elementor-element-766f82e7 elementor-widget elementor-widget-video\" data-id=\"766f82e7\" data-element_type=\"widget\" data-settings=\"{&quot;video_type&quot;:&quot;hosted&quot;,&quot;controls&quot;:&quot;yes&quot;}\" data-widget_type=\"video.default\">\n\t\t\t\t<div class=\"elementor-widget-container\">\n\t\t\t\t\t\t\t<div class=\"e-hosted-video elementor-wrapper elementor-open-inline\">\n\t\t\t\t\t<video class=\"elementor-video\" src=\"https:\/\/curachildrensfoundation.org\/wp-content\/uploads\/2023\/05\/Cura-Camp-1.m4v\" controls=\"\" preload=\"metadata\" controlsList=\"nodownload\"><\/video>\n\t\t\t\t<\/div>\n\t\t\t\t\t\t<\/div>\n\t\t\t\t<\/div>\n\t\t\t\t<div class=\"elementor-element elementor-element-6c032fb7 elementor-widget elementor-widget-image-box\" data-id=\"6c032fb7\" data-element_type=\"widget\" data-widget_type=\"image-box.default\">\n\t\t\t\t<div class=\"elementor-widget-container\">\n\t\t\t\t\t<div class=\"elementor-image-box-wrapper\"><div class=\"elementor-image-box-content\"><h3 class=\"elementor-image-box-title\"><a href=\"https:\/\/curachildrensfoundation.org\/de\/cura-childrens-inklusions-camp-lauenen-schweiz\/\">Cura Children's Inklusions Camp - Lauenen, Schweiz<br> <div class=\"date\">August - Oktober 2022<\/div><\/a><\/h3><p class=\"elementor-image-box-description\">Dank zahlreicher Spenden konnten wir CHF 4'520 sammeln und unser erstes selbst organisiertes Cura Inklusions Camp durchf\u00fchren. Dieses brachte Kinder mit und ohne Beeintr\u00e4chtigungen durch viele gemeinsame Erlebnisse zusammen. Mit dabei waren auch einige Eltern und zwei Sozialarbeiter.<br><br>Diese Woche lehrte uns, dass Kinder mit und ohne besondere Bed\u00fcrfnisse mehr verbindet als trennt.\nEinige der Aktivit\u00e4ten, die wir alle miteinander unternommen haben waren: Reiten, Cimgo-Fahrt, Picknick am Fluss, spielen mit einem Therapiehund, Bootsfahrt auf dem Arnensee, Pizzabacken, Steine bemalen ...\n\n<br><br>Eine Woche voller Gl\u00fcck und Freude!<br><br><a href=\"https:\/\/curachildrensfoundation.org\/de\/cura-childrens-inklusions-camp-lauenen-schweiz\/\">Weiterlesen<\/a><\/p><\/div><\/div>\t\t\t\t<\/div>\n\t\t\t\t<\/div>\n\t\t\t\t\t<\/div>\n\t\t<\/div>\n\t\t\t\t\t<\/div>\n\t\t<\/section>\n\t\t\t\t<section class=\"elementor-section elementor-top-section elementor-element elementor-element-171306ce elementor-section-boxed elementor-section-height-default elementor-section-height-default\" data-id=\"171306ce\" data-element_type=\"section\">\n\t\t\t\t\t\t<div class=\"elementor-container elementor-column-gap-extended\">\n\t\t\t\t\t<div class=\"elementor-column elementor-col-33 elementor-top-column elementor-element elementor-element-25b5a7da\" data-id=\"25b5a7da\" data-element_type=\"column\">\n\t\t\t<div class=\"elementor-widget-wrap elementor-element-populated\">\n\t\t\t\t\t\t<div class=\"elementor-element elementor-element-78c88737 elementor-widget elementor-widget-heading\" data-id=\"78c88737\" data-element_type=\"widget\" data-widget_type=\"heading.default\">\n\t\t\t\t<div class=\"elementor-widget-container\">\n\t\t\t\t\t<h3 class=\"elementor-heading-title elementor-size-default\">Projekt 7<\/h3>\t\t\t\t<\/div>\n\t\t\t\t<\/div>\n\t\t\t\t<div class=\"elementor-element elementor-element-f520b53 elementor-widget elementor-widget-image\" data-id=\"f520b53\" data-element_type=\"widget\" data-widget_type=\"image.default\">\n\t\t\t\t<div class=\"elementor-widget-container\">\n\t\t\t\t\t\t\t\t\t\t\t\t\t\t\t\t<a href=\"https:\/\/curachildrensfoundation.org\/de\/integration-von-ukrainischen-fluechtlingsfamilien-saanen-schweiz\/\">\n\t\t\t\t\t\t\t<img loading=\"lazy\" decoding=\"async\" width=\"768\" height=\"576\" src=\"https:\/\/curachildrensfoundation.org\/wp-content\/uploads\/2023\/05\/IMG_7257-copy-1536x1152-1-768x576.jpeg\" class=\"attachment-medium_large size-medium_large wp-image-1618\" alt=\"\" srcset=\"https:\/\/curachildrensfoundation.org\/wp-content\/uploads\/2023\/05\/IMG_7257-copy-1536x1152-1-768x576.jpeg 768w, https:\/\/curachildrensfoundation.org\/wp-content\/uploads\/2023\/05\/IMG_7257-copy-1536x1152-1-300x225.jpeg 300w, https:\/\/curachildrensfoundation.org\/wp-content\/uploads\/2023\/05\/IMG_7257-copy-1536x1152-1-1024x768.jpeg 1024w, https:\/\/curachildrensfoundation.org\/wp-content\/uploads\/2023\/05\/IMG_7257-copy-1536x1152-1.jpeg 1536w\" sizes=\"(max-width: 768px) 100vw, 768px\" \/>\t\t\t\t\t\t\t\t<\/a>\n\t\t\t\t\t\t\t\t\t\t\t\t\t\t\t<\/div>\n\t\t\t\t<\/div>\n\t\t\t\t<div class=\"elementor-element elementor-element-7b2c8289 elementor-widget elementor-widget-image-box\" data-id=\"7b2c8289\" data-element_type=\"widget\" data-widget_type=\"image-box.default\">\n\t\t\t\t<div class=\"elementor-widget-container\">\n\t\t\t\t\t<div class=\"elementor-image-box-wrapper\"><div class=\"elementor-image-box-content\"><h3 class=\"elementor-image-box-title\"><a href=\"https:\/\/curachildrensfoundation.org\/de\/integration-von-ukrainischen-fluechtlingsfamilien-saanen-schweiz\/\">Integration von ukrainischen Fl\u00fcchtlingsfamilien - Saanen, Schweiz<br> <div class=\"date\">Mai - November 2022<\/div><\/a><\/h3><p class=\"elementor-image-box-description\">Dies war ein fortlaufendes Projekt \u00fcber 7 Monate, welches in mehrere Schritte unterteilt war. Dank der immensen Unterst\u00fctzung unserer Spender sammelten wir CHF 11'370.\n<br><br>Somit konnte Cura Deutschkurse f\u00fcr ukrainische Fl\u00fcchtlingseltern finanzieren und eine Spielgruppe mit dem \u00f6rtlichen Spatzennest gr\u00fcnden, in der die j\u00fcngsten Kinder zweimal w\u00f6chentlich betreut wurden. Wir kauften Fahrr\u00e4der und Trottis f\u00fcr die ukrainische Familien und das Waisenhaus im Saanenland. Ein Transporter mit dringend ben\u00f6tigten medizinischen Hilfsg\u00fctern, von uns gezahlt, fuhr nach Poltava, nahe dem Kriegsgebiet.<br><br>\nHerzlichen Dank an alle!<br><br>\n<a href=\"https:\/\/curachildrensfoundation.org\/de\/integration-von-ukrainischen-fluechtlingsfamilien-saanen-schweiz\/\">Weiterlesen<\/a>\n<\/p><\/div><\/div>\t\t\t\t<\/div>\n\t\t\t\t<\/div>\n\t\t\t\t\t<\/div>\n\t\t<\/div>\n\t\t\t\t<div class=\"elementor-column elementor-col-33 elementor-top-column elementor-element elementor-element-4bdfa7d0\" data-id=\"4bdfa7d0\" data-element_type=\"column\">\n\t\t\t<div class=\"elementor-widget-wrap elementor-element-populated\">\n\t\t\t\t\t\t<div class=\"elementor-element elementor-element-1eab7aa0 elementor-widget elementor-widget-heading\" data-id=\"1eab7aa0\" data-element_type=\"widget\" data-widget_type=\"heading.default\">\n\t\t\t\t<div class=\"elementor-widget-container\">\n\t\t\t\t\t<h3 class=\"elementor-heading-title elementor-size-default\">Projekt 8<\/h3>\t\t\t\t<\/div>\n\t\t\t\t<\/div>\n\t\t\t\t<div class=\"elementor-element elementor-element-6c4cb211 elementor-widget elementor-widget-image\" data-id=\"6c4cb211\" data-element_type=\"widget\" data-widget_type=\"image.default\">\n\t\t\t\t<div class=\"elementor-widget-container\">\n\t\t\t\t\t\t\t\t\t\t\t\t\t\t\t\t<a href=\"https:\/\/curachildrensfoundation.org\/de\/autospende-fuer-eine-5-koepfige-familie-mit-einer-autistischen-9-jaehrigen-tochter-bei-der-ein-hirntumor-diagnostiziert-wurde-st-gallen-schweiz\/\">\n\t\t\t\t\t\t\t<img loading=\"lazy\" decoding=\"async\" width=\"640\" height=\"480\" src=\"https:\/\/curachildrensfoundation.org\/wp-content\/uploads\/2023\/05\/image1.jpg\" class=\"attachment-medium_large size-medium_large wp-image-1617\" alt=\"\" srcset=\"https:\/\/curachildrensfoundation.org\/wp-content\/uploads\/2023\/05\/image1.jpg 640w, https:\/\/curachildrensfoundation.org\/wp-content\/uploads\/2023\/05\/image1-300x225.jpg 300w\" sizes=\"(max-width: 640px) 100vw, 640px\" \/>\t\t\t\t\t\t\t\t<\/a>\n\t\t\t\t\t\t\t\t\t\t\t\t\t\t\t<\/div>\n\t\t\t\t<\/div>\n\t\t\t\t<div class=\"elementor-element elementor-element-1782ef13 elementor-widget elementor-widget-image-box\" data-id=\"1782ef13\" data-element_type=\"widget\" data-widget_type=\"image-box.default\">\n\t\t\t\t<div class=\"elementor-widget-container\">\n\t\t\t\t\t<div class=\"elementor-image-box-wrapper\"><div class=\"elementor-image-box-content\"><h3 class=\"elementor-image-box-title\"><a href=\"https:\/\/curachildrensfoundation.org\/de\/autospende-fuer-eine-5-koepfige-familie-mit-einer-autistischen-9-jaehrigen-tochter-bei-der-ein-hirntumor-diagnostiziert-wurde-st-gallen-schweiz\/\">Schenkung eines Autos f\u00fcr eine 5-k\u00f6pfige Familie mit einer autistischen 9 Jahre alten Tochter mit Hirntumor - St. Gallen, Schweiz<br> <div class=\"date\">Dezember 2022 - M\u00e4rz 2023<\/div><\/a><\/h3><p class=\"elementor-image-box-description\">Gemeinsam haben wir der Familie M. letztes Jahr einen Traum erf\u00fcllt. Dank Eurer enormen Unterst\u00fctzung konnten wir CHF 16'000 sammeln und erfolgreich einen blauen Opel Combo mit 7 Sitzen und 5 T\u00fcren f\u00fcr sie kaufen.\n<br><br>Die ganze Familie, eine Pflegefachperson, sowie der spezielle Buggy f\u00fcr S., die 9-j\u00e4hrige autistische Tochter, bei der ein Gehirntumor diagnostiziert wurde, passen in das Auto. Dazu konnten wir eine 2-j\u00e4hrige 5-Sterne-Garantie f\u00fcr das Auto sowie die Versicherungskosten f\u00fcr das gesamte erste Jahr \u00fcbernehmen.\n<br><br>Dieses wunderbare Geschenk wird die vielen Fahrten zum und vom Krankenhaus sehr erleichtern und dazu noch als sicheres Refugium f\u00fcr die ganze Familie dienen.\n<br><br>Die Familie ist unendlich dankbar und wir sind es auch.\n\n<br><br>\n<a href=\"https:\/\/curachildrensfoundation.org\/de\/autospende-fuer-eine-5-koepfige-familie-mit-einer-autistischen-9-jaehrigen-tochter-bei-der-ein-hirntumor-diagnostiziert-wurde-st-gallen-schweiz\/\">Weiterlesen<\/a>\n<\/p><\/div><\/div>\t\t\t\t<\/div>\n\t\t\t\t<\/div>\n\t\t\t\t\t<\/div>\n\t\t<\/div>\n\t\t\t\t<div class=\"elementor-column elementor-col-33 elementor-top-column elementor-element elementor-element-5aeb5de3\" data-id=\"5aeb5de3\" data-element_type=\"column\">\n\t\t\t<div class=\"elementor-widget-wrap elementor-element-populated\">\n\t\t\t\t\t\t<div class=\"elementor-element elementor-element-e4c787c elementor-widget elementor-widget-heading\" data-id=\"e4c787c\" data-element_type=\"widget\" data-widget_type=\"heading.default\">\n\t\t\t\t<div class=\"elementor-widget-container\">\n\t\t\t\t\t<h3 class=\"elementor-heading-title elementor-size-default\">Projekt 9<\/h3>\t\t\t\t<\/div>\n\t\t\t\t<\/div>\n\t\t\t\t<div class=\"elementor-element elementor-element-2ed03928 elementor-widget elementor-widget-image\" data-id=\"2ed03928\" data-element_type=\"widget\" data-widget_type=\"image.default\">\n\t\t\t\t<div class=\"elementor-widget-container\">\n\t\t\t\t\t\t\t\t\t\t\t\t\t\t\t\t<a href=\"https:\/\/curachildrensfoundation.org\/de\/finanzierung-eines-motomed-loops-in-der-akutstationaeren-physiotherapie-am-universitaets-kinderspital-zuerich-schweiz\/\">\n\t\t\t\t\t\t\t<img loading=\"lazy\" decoding=\"async\" width=\"640\" height=\"480\" src=\"https:\/\/curachildrensfoundation.org\/wp-content\/uploads\/2023\/05\/MotoMed2.jpg\" class=\"attachment-large size-large wp-image-1697\" alt=\"\" srcset=\"https:\/\/curachildrensfoundation.org\/wp-content\/uploads\/2023\/05\/MotoMed2.jpg 640w, https:\/\/curachildrensfoundation.org\/wp-content\/uploads\/2023\/05\/MotoMed2-300x225.jpg 300w\" sizes=\"(max-width: 640px) 100vw, 640px\" \/>\t\t\t\t\t\t\t\t<\/a>\n\t\t\t\t\t\t\t\t\t\t\t\t\t\t\t<\/div>\n\t\t\t\t<\/div>\n\t\t\t\t<div class=\"elementor-element elementor-element-27b2915 elementor-widget elementor-widget-image-box\" data-id=\"27b2915\" data-element_type=\"widget\" data-widget_type=\"image-box.default\">\n\t\t\t\t<div class=\"elementor-widget-container\">\n\t\t\t\t\t<div class=\"elementor-image-box-wrapper\"><div class=\"elementor-image-box-content\"><h3 class=\"elementor-image-box-title\"><a href=\"https:\/\/curachildrensfoundation.org\/de\/finanzierung-eines-motomed-loops-in-der-akutstationaeren-physiotherapie-am-universitaets-kinderspital-zuerich-schweiz\/\">Finanzierung eines MOTOmed Loop in der akut station\u00e4ren Physiotherapie des Universit\u00e4ts-Kinderspital - Z\u00fcrich, Schweiz<br> <div class=\"date\">Dezember 2022 - M\u00e4rz 2023<\/div><\/a><\/h3><p class=\"elementor-image-box-description\">Mit Eurer grossz\u00fcgigen Hilfe konnten wir CHF 9'840 sammeln und das MOTOmed Bewegungstherapie Ger\u00e4t f\u00fcr das Universit\u00e4ts-Kinderspital Z\u00fcrich bestellen.\n<br><br>MOTOmed verwandelt Physiotherapiesitzungen in ein lustiges Spielerlebnis f\u00fcr Kinder mit Bewegungseinschr\u00e4nkungen, von denen auch viele komplexe Diagnosen wie Krebs und Zerebralparese haben. Das Ger\u00e4t ist nicht nur station\u00e4r anwendbar, sondern kann auch in die Zimmer von isolierten, immungeschw\u00e4chten und immobilisierten jungen Patienten gerollt werden\n<br><br>Alle Budgets in dieser Abteilung des Krankenhauses wurden f\u00fcr die n\u00e4chsten 2 Jahre eingefroren, bis der Umzug des Krankenhauses vollzogen ist.\n<br><br>Wir k\u00f6nnen Euch allen nicht genug danken!<br>\n<a href=\"https:\/\/curachildrensfoundation.org\/de\/finanzierung-eines-motomed-loops-in-der-akutstationaeren-physiotherapie-am-universitaets-kinderspital-zuerich-schweiz\/\">Weiterlesen<\/a><\/p><\/div><\/div>\t\t\t\t<\/div>\n\t\t\t\t<\/div>\n\t\t\t\t\t<\/div>\n\t\t<\/div>\n\t\t\t\t\t<\/div>\n\t\t<\/section>\n\t\t\t\t<section class=\"elementor-section elementor-top-section elementor-element elementor-element-b3249ec elementor-section-boxed elementor-section-height-default elementor-section-height-default\" data-id=\"b3249ec\" data-element_type=\"section\">\n\t\t\t\t\t\t<div class=\"elementor-container elementor-column-gap-extended\">\n\t\t\t\t\t<div class=\"elementor-column elementor-col-33 elementor-top-column elementor-element elementor-element-3b38ebf\" data-id=\"3b38ebf\" data-element_type=\"column\">\n\t\t\t<div class=\"elementor-widget-wrap elementor-element-populated\">\n\t\t\t\t\t\t<div class=\"elementor-element elementor-element-ff168ee elementor-widget elementor-widget-heading\" data-id=\"ff168ee\" data-element_type=\"widget\" data-widget_type=\"heading.default\">\n\t\t\t\t<div class=\"elementor-widget-container\">\n\t\t\t\t\t<h3 class=\"elementor-heading-title elementor-size-default\">Projekt 10<\/h3>\t\t\t\t<\/div>\n\t\t\t\t<\/div>\n\t\t\t\t<div class=\"elementor-element elementor-element-36ff7de elementor-widget elementor-widget-image\" data-id=\"36ff7de\" data-element_type=\"widget\" data-widget_type=\"image.default\">\n\t\t\t\t<div class=\"elementor-widget-container\">\n\t\t\t\t\t\t\t\t\t\t\t\t\t\t\t\t<a href=\"https:\/\/curachildrensfoundation.org\/de\/cura-childrens-inklusions-camp-ii-saanenmoeser-schweiz\/\">\n\t\t\t\t\t\t\t<img loading=\"lazy\" decoding=\"async\" width=\"556\" height=\"417\" src=\"https:\/\/curachildrensfoundation.org\/wp-content\/uploads\/2023\/09\/image1.jpg\" class=\"attachment-medium_large size-medium_large wp-image-2702\" alt=\"\" srcset=\"https:\/\/curachildrensfoundation.org\/wp-content\/uploads\/2023\/09\/image1.jpg 556w, https:\/\/curachildrensfoundation.org\/wp-content\/uploads\/2023\/09\/image1-300x225.jpg 300w\" sizes=\"(max-width: 556px) 100vw, 556px\" \/>\t\t\t\t\t\t\t\t<\/a>\n\t\t\t\t\t\t\t\t\t\t\t\t\t\t\t<\/div>\n\t\t\t\t<\/div>\n\t\t\t\t<div class=\"elementor-element elementor-element-312781f elementor-widget__width-initial elementor-widget elementor-widget-image-box\" data-id=\"312781f\" data-element_type=\"widget\" data-widget_type=\"image-box.default\">\n\t\t\t\t<div class=\"elementor-widget-container\">\n\t\t\t\t\t<div class=\"elementor-image-box-wrapper\"><div class=\"elementor-image-box-content\"><h3 class=\"elementor-image-box-title\"><a href=\"https:\/\/curachildrensfoundation.org\/de\/cura-childrens-inklusions-camp-ii-saanenmoeser-schweiz\/\">Cura Children\u2019s Inklusions Camp II \u2013 Saanenm\u00f6ser, Schweiz<br> <div class=\"date\">Juli \u2013 August 2023<\/div><\/a><\/h3><p class=\"elementor-image-box-description\">Nach einem erfolgreichen ersten Inklusions Camp mit viel positivem Feedback, haben wir beschlossen, diesen Sommer ein zweites Camp in unseren Bergen zu veranstalten. Die Gruppe bestand aus einer Mischung von Kindern mit und ohne Behinderungen, 2 Eltern, Sozialarbeitern und lokalen Volont\u00e4ren.<br><br>\nZiel des Camps war es, den Kindern mit Behinderungen wieder das Gef\u00fchl der Inklusion zu vermitteln und das Zugeh\u00f6rigkeitsgef\u00fchl zu f\u00f6rdern. Durch lustige Aktivit\u00e4ten wie z. B. Batik- und Cartoon-Workshops, Reiten, den Besuch einer K\u00e4se Farm und des Spielplatzes Alpenruhe,  usw. gelang es uns, den Unterschieden der Kinder gerecht zu werden.  Was uns am meisten ber\u00fchrte, waren die vielen lachenden Gesichter!<br><br>\nMit Eurer Hilfe konnten wir CHF 4'890,- sammeln und damit auch ein weiteres kleines Inklusions Projekt in Basel unterst\u00fctzen. Von September bis Dezember 2023 werden die Sozialarbeiter, mit denen wir das Projekt 3 \"Julian\u2019s Parcours\" durchgef\u00fchrt haben, jeden Freitag ein Mittagessen f\u00fcr verschiedene bed\u00fcrftige Menschen kochen.\n<br><br>\nHerzlichen Dank an alle!<br><br>\n<a href=\"https:\/\/curachildrensfoundation.org\/de\/cura-childrens-inklusions-camp-ii-saanenmoeser-schweiz\/\">Weiterlesen<\/a>\n<\/p><\/div><\/div>\t\t\t\t<\/div>\n\t\t\t\t<\/div>\n\t\t\t\t\t<\/div>\n\t\t<\/div>\n\t\t\t\t<div class=\"elementor-column elementor-col-33 elementor-top-column elementor-element elementor-element-0c421e1\" data-id=\"0c421e1\" data-element_type=\"column\">\n\t\t\t<div class=\"elementor-widget-wrap elementor-element-populated\">\n\t\t\t\t\t\t<div class=\"elementor-element elementor-element-3522b6b elementor-widget elementor-widget-heading\" data-id=\"3522b6b\" data-element_type=\"widget\" data-widget_type=\"heading.default\">\n\t\t\t\t<div class=\"elementor-widget-container\">\n\t\t\t\t\t<h3 class=\"elementor-heading-title elementor-size-default\">Projekt 11<\/h3>\t\t\t\t<\/div>\n\t\t\t\t<\/div>\n\t\t\t\t<div class=\"elementor-element elementor-element-10fc20a elementor-widget elementor-widget-image\" data-id=\"10fc20a\" data-element_type=\"widget\" data-widget_type=\"image.default\">\n\t\t\t\t<div class=\"elementor-widget-container\">\n\t\t\t\t\t\t\t\t\t\t\t\t\t\t\t\t<a href=\"https:\/\/curachildrensfoundation.org\/de\/notschlafstelle-nemo-ii-zuerich-schweiz\/\">\n\t\t\t\t\t\t\t<img loading=\"lazy\" decoding=\"async\" width=\"768\" height=\"360\" src=\"https:\/\/curachildrensfoundation.org\/wp-content\/uploads\/2023\/06\/thumbnail-1-768x360.png\" class=\"attachment-medium_large size-medium_large wp-image-2320\" alt=\"\" srcset=\"https:\/\/curachildrensfoundation.org\/wp-content\/uploads\/2023\/06\/thumbnail-1-768x360.png 768w, https:\/\/curachildrensfoundation.org\/wp-content\/uploads\/2023\/06\/thumbnail-1-300x140.png 300w, https:\/\/curachildrensfoundation.org\/wp-content\/uploads\/2023\/06\/thumbnail-1-1024x479.png 1024w, https:\/\/curachildrensfoundation.org\/wp-content\/uploads\/2023\/06\/thumbnail-1.png 1132w\" sizes=\"(max-width: 768px) 100vw, 768px\" \/>\t\t\t\t\t\t\t\t<\/a>\n\t\t\t\t\t\t\t\t\t\t\t\t\t\t\t<\/div>\n\t\t\t\t<\/div>\n\t\t\t\t<div class=\"elementor-element elementor-element-be1fd2d elementor-widget__width-initial elementor-widget elementor-widget-image-box\" data-id=\"be1fd2d\" data-element_type=\"widget\" data-widget_type=\"image-box.default\">\n\t\t\t\t<div class=\"elementor-widget-container\">\n\t\t\t\t\t<div class=\"elementor-image-box-wrapper\"><div class=\"elementor-image-box-content\"><h3 class=\"elementor-image-box-title\"><a href=\"https:\/\/curachildrensfoundation.org\/de\/notschlafstelle-nemo-ii-zuerich-schweiz\/\">Notschlafstelle Nemo II \u2013 Z\u00fcrich, Schweiz<br> <div class=\"date\">Dezember 2023 \u2013 M\u00e4rz 2024<\/div><\/a><\/h3><p class=\"elementor-image-box-description\">Nemo ist eine der einzigen Notschlafstellen in der Schweiz, die jungen Menschen zwischen 16 und 23 Jahren Unterkunft, Schutz und Sicherheit bietet.\n<br><br>\nBisher begann die \u00d6ffnungszeit von Nemo um 20:00 Uhr. Die meisten jungen Erwachsenen beenden aber die Schule oder die Arbeit um 17:00 Uhr. Diese 3 zus\u00e4tzlichen Stunden sind aufgrund der vielen Versuchungen (Drogen, Alkohol ...) sehr schwer zu \u00fcberbr\u00fccken.\n<br><br>\nNemo war bereit, die \u00d6ffnungszeiten auf 17:00 Uhr zu verlegen und hat die Stiftung Cura Children's Foundation gebeten, die zus\u00e4tzlichen Kosten von CHF 12'800 f\u00fcr professionelles Personal w\u00e4hrend einer dreimonatigen Probezeit zu finanzieren. Dies war ein grosser Erfolg und soll nun dauerhaft umgesetzt werden.\n<br><br>\nIhre Spenden tragen dazu bei, die Probleme auf den Strassen allm\u00e4hlich zu l\u00f6sen indem Sie jungen Menschen eine Chance f\u00fcr einen Neuanfang geben. Wir danken Ihnen!\n\n<br><br>\nHerzlichen Dank an alle!<br><br>\n<a href=\"https:\/\/curachildrensfoundation.org\/de\/notschlafstelle-nemo-ii-zuerich-schweiz\/\">Weiterlesen<\/a>\n<\/p><\/div><\/div>\t\t\t\t<\/div>\n\t\t\t\t<\/div>\n\t\t\t\t\t<\/div>\n\t\t<\/div>\n\t\t\t\t<div class=\"elementor-column elementor-col-33 elementor-top-column elementor-element elementor-element-af6cabf\" data-id=\"af6cabf\" data-element_type=\"column\">\n\t\t\t<div class=\"elementor-widget-wrap elementor-element-populated\">\n\t\t\t\t\t\t<div class=\"elementor-element elementor-element-b7c6291 elementor-widget elementor-widget-heading\" data-id=\"b7c6291\" data-element_type=\"widget\" data-widget_type=\"heading.default\">\n\t\t\t\t<div class=\"elementor-widget-container\">\n\t\t\t\t\t<h3 class=\"elementor-heading-title elementor-size-default\">Projekt 12<\/h3>\t\t\t\t<\/div>\n\t\t\t\t<\/div>\n\t\t\t\t<div class=\"elementor-element elementor-element-20e118c elementor-widget elementor-widget-image\" data-id=\"20e118c\" data-element_type=\"widget\" data-widget_type=\"image.default\">\n\t\t\t\t<div class=\"elementor-widget-container\">\n\t\t\t\t\t\t\t\t\t\t\t\t\t\t\t\t<a href=\"https:\/\/curachildrensfoundation.org\/de\/mut-buch-ganze-schweiz\/\">\n\t\t\t\t\t\t\t<img loading=\"lazy\" decoding=\"async\" width=\"556\" height=\"417\" src=\"https:\/\/curachildrensfoundation.org\/wp-content\/uploads\/2024\/07\/Mut-Buch-\u2013-Ganze-Schweiz2.webp\" class=\"attachment-medium_large size-medium_large wp-image-3712\" alt=\"\" srcset=\"https:\/\/curachildrensfoundation.org\/wp-content\/uploads\/2024\/07\/Mut-Buch-\u2013-Ganze-Schweiz2.webp 556w, https:\/\/curachildrensfoundation.org\/wp-content\/uploads\/2024\/07\/Mut-Buch-\u2013-Ganze-Schweiz2-300x225.webp 300w\" sizes=\"(max-width: 556px) 100vw, 556px\" \/>\t\t\t\t\t\t\t\t<\/a>\n\t\t\t\t\t\t\t\t\t\t\t\t\t\t\t<\/div>\n\t\t\t\t<\/div>\n\t\t\t\t<div class=\"elementor-element elementor-element-9c0e141 elementor-widget__width-initial elementor-widget elementor-widget-image-box\" data-id=\"9c0e141\" data-element_type=\"widget\" data-widget_type=\"image-box.default\">\n\t\t\t\t<div class=\"elementor-widget-container\">\n\t\t\t\t\t<div class=\"elementor-image-box-wrapper\"><div class=\"elementor-image-box-content\"><h3 class=\"elementor-image-box-title\"><a href=\"https:\/\/curachildrensfoundation.org\/de\/mut-buch-ganze-schweiz\/\">Mut Buch \u2013 Ganze Schweiz <br> <div class=\"date\">April \u2013 Mai 2024<\/div><\/a><\/h3><p class=\"elementor-image-box-description\">Dank Euch engagierten Unterst\u00fctzern, haben wir gemeinsam ein weiteres herzerw\u00e4rmendes Projekt abgeschlossen, an dem wir uns mit CHF 5'000,- beteiligt haben.  \n<br><br>\nDas \"Mut Buch\" ist eine innovative Initiative, die von der Pflegeabteilung des Universit\u00e4ts-Kinderspital Z\u00fcrich entwickelt wurde. Dieses Buch soll chronisch und schwer kranken Kindern (im Alter von 3-12 Jahren) helfen, die verschiedenen medizinischen Eingriffe, denen sie sich w\u00e4hrend ihrer Behandlung unterziehen, zu verstehen und zu bew\u00e4ltigen. Es bietet detaillierte, kindgerechte Erkl\u00e4rungen und Illustrationen, um \u00c4ngste und Bef\u00fcrchtungen w\u00e4hrend des Spitalaufenthalts abzubauen.\n<br><br>\nDieses Tagebuch unterst\u00fctzt nicht nur die emotionalen und psychologischen Bed\u00fcrfnisse der jungen Patienten, sondern f\u00f6rdert auch ein kooperatives und verst\u00e4ndnisvolles Umfeld f\u00fcr ihre Familien. \n<br><br>\nMit seiner geplanten landesweiten Vergabe und den mehrsprachigen \u00dcbersetzungen wird das \"Mut Buch\" einen bedeutenden positiven Einfluss auf die p\u00e4diatrische Betreuung in der Schweiz haben.\n\n\n<br><br>\nHerzlichen Dank an alle!<br><br>\n<a href=\"https:\/\/curachildrensfoundation.org\/de\/mut-buch-ganze-schweiz\/\">Weiterlesen<\/a>\n<\/p><\/div><\/div>\t\t\t\t<\/div>\n\t\t\t\t<\/div>\n\t\t\t\t\t<\/div>\n\t\t<\/div>\n\t\t\t\t\t<\/div>\n\t\t<\/section>\n\t\t\t\t<section class=\"elementor-section elementor-top-section elementor-element elementor-element-60174e7 elementor-section-boxed elementor-section-height-default elementor-section-height-default\" data-id=\"60174e7\" data-element_type=\"section\">\n\t\t\t\t\t\t<div class=\"elementor-container elementor-column-gap-extended\">\n\t\t\t\t\t<div class=\"elementor-column elementor-col-33 elementor-top-column elementor-element elementor-element-b1c4c77\" data-id=\"b1c4c77\" data-element_type=\"column\">\n\t\t\t<div class=\"elementor-widget-wrap elementor-element-populated\">\n\t\t\t\t\t\t<div class=\"elementor-element elementor-element-af321c4 elementor-widget elementor-widget-heading\" data-id=\"af321c4\" data-element_type=\"widget\" data-widget_type=\"heading.default\">\n\t\t\t\t<div class=\"elementor-widget-container\">\n\t\t\t\t\t<h3 class=\"elementor-heading-title elementor-size-default\">Projekt 13<\/h3>\t\t\t\t<\/div>\n\t\t\t\t<\/div>\n\t\t\t\t<div class=\"elementor-element elementor-element-a0a943c elementor-widget elementor-widget-image\" data-id=\"a0a943c\" data-element_type=\"widget\" data-widget_type=\"image.default\">\n\t\t\t\t<div class=\"elementor-widget-container\">\n\t\t\t\t\t\t\t\t\t\t\t\t\t\t\t\t<a href=\"https:\/\/curachildrensfoundation.org\/de\/cura-childrens-inklusions-camp-ii-saanenmoeser-schweiz\/\">\n\t\t\t\t\t\t\t<img loading=\"lazy\" decoding=\"async\" width=\"768\" height=\"576\" src=\"https:\/\/curachildrensfoundation.org\/wp-content\/uploads\/2024\/11\/IMG_9400-768x576.jpeg\" class=\"attachment-medium_large size-medium_large wp-image-3995\" alt=\"\" srcset=\"https:\/\/curachildrensfoundation.org\/wp-content\/uploads\/2024\/11\/IMG_9400-768x576.jpeg 768w, https:\/\/curachildrensfoundation.org\/wp-content\/uploads\/2024\/11\/IMG_9400-300x225.jpeg 300w, https:\/\/curachildrensfoundation.org\/wp-content\/uploads\/2024\/11\/IMG_9400-1024x768.jpeg 1024w, https:\/\/curachildrensfoundation.org\/wp-content\/uploads\/2024\/11\/IMG_9400-1536x1152.jpeg 1536w, https:\/\/curachildrensfoundation.org\/wp-content\/uploads\/2024\/11\/IMG_9400-2048x1536.jpeg 2048w\" sizes=\"(max-width: 768px) 100vw, 768px\" \/>\t\t\t\t\t\t\t\t<\/a>\n\t\t\t\t\t\t\t\t\t\t\t\t\t\t\t<\/div>\n\t\t\t\t<\/div>\n\t\t\t\t<div class=\"elementor-element elementor-element-093dcec elementor-widget__width-initial elementor-widget elementor-widget-image-box\" data-id=\"093dcec\" data-element_type=\"widget\" data-widget_type=\"image-box.default\">\n\t\t\t\t<div class=\"elementor-widget-container\">\n\t\t\t\t\t<div class=\"elementor-image-box-wrapper\"><div class=\"elementor-image-box-content\"><h3 class=\"elementor-image-box-title\"><a href=\"https:\/\/curachildrensfoundation.org\/de\/cura-childrens-inklusions-camp-iii-saanenmoeser-schweiz\/\">Cura Children\u2019s Inclusions Camp III \u2013 Saanenm\u00f6ser, Schweiz<br> <div class=\"date\">August \u2013 Oktober 2024<\/div><\/a><\/h3><p class=\"elementor-image-box-description\">Ankn\u00fcpfend an die sch\u00f6nen Erinnerungen der letzten zwei Jahre, haben wir beschlossen, unser drittes Inklusions Camp durchzuf\u00fchren. Wir konnten die Zahl der Kinder, Sozialarbeiter, M\u00fctter und fabelhaften Volont\u00e4re auf insgesamt 21 Personen erh\u00f6hen. Au\u00dferdem begr\u00fc\u00dften wir zum ersten Mal 2 Kinder aus der \u00f6rtlichen Heilp\u00e4dagogischen Schule.\n<br><br>\nAuch in diesem Camp stand die Inklusion im Mittelpunkt. Wir haben ein Umfeld geschaffen, in dem sich die Kinder ganz nat\u00fcrlich gegenseitig helfen und somit ein starkes Gemeinschaftsgef\u00fchl entstand. Zudem profitierten die Kinder mit Behinderungen von neuen Erfahrungen und Unterst\u00fctzung, w\u00e4hrend die Kinder ohne Behinderungen, Einf\u00fchlsamkeit und Respekt lernten.\n<br><br>\nBei all unseren Aktivit\u00e4ten konnten wir einen starken Sinn f\u00fcr Teamwork und Empathie beobachten. Die H\u00f6hepunkte dieses Jahres waren die t\u00e4glichen Fu\u00dfballtrainings, gefolgt von einem geruhsamen T\u00f6pfernachmittag und vielen Besuchen in den \u00f6rtlichen Schwimmb\u00e4dern. \n<br><br>\nInklusion ist essentiell f\u00fcr Kinder, denn sie f\u00f6rdert das Gef\u00fchl der Zugeh\u00f6rigkeit, gew\u00e4hrleistet Chancengleichheit f\u00fcr alle und st\u00e4rkt die Gemeinschaft, indem sie unterschiedliche Perspektiven und Erfahrungen einbezieht. \n<br><br>\nVielen Dank f\u00fcr all Euere fabelhaften Spenden von CHF 5125,- welche dieses Camp wieder erm\u00f6glicht haben.\n<br><br>\nHerzlichen Dank an alle!<br><br>\n<a href=\"https:\/\/curachildrensfoundation.org\/de\/cura-childrens-inklusions-camp-iii-saanenmoeser-schweiz\/\">Weiterlesen<\/a>\n<\/p><\/div><\/div>\t\t\t\t<\/div>\n\t\t\t\t<\/div>\n\t\t\t\t\t<\/div>\n\t\t<\/div>\n\t\t\t\t<div class=\"elementor-column elementor-col-33 elementor-top-column elementor-element elementor-element-0b63a59\" data-id=\"0b63a59\" data-element_type=\"column\">\n\t\t\t<div class=\"elementor-widget-wrap elementor-element-populated\">\n\t\t\t\t\t\t<div class=\"elementor-element elementor-element-15b9ca0 elementor-widget elementor-widget-heading\" data-id=\"15b9ca0\" data-element_type=\"widget\" data-widget_type=\"heading.default\">\n\t\t\t\t<div class=\"elementor-widget-container\">\n\t\t\t\t\t<h3 class=\"elementor-heading-title elementor-size-default\">Projekt 14<\/h3>\t\t\t\t<\/div>\n\t\t\t\t<\/div>\n\t\t\t\t<div class=\"elementor-element elementor-element-59db663 elementor-widget elementor-widget-image\" data-id=\"59db663\" data-element_type=\"widget\" data-widget_type=\"image.default\">\n\t\t\t\t<div class=\"elementor-widget-container\">\n\t\t\t\t\t\t\t\t\t\t\t\t\t\t\t\t<a href=\"https:\/\/curachildrensfoundation.org\/de\/cura-childrens-inklusions-camp-ii-saanenmoeser-schweiz\/\">\n\t\t\t\t\t\t\t<img loading=\"lazy\" decoding=\"async\" width=\"768\" height=\"576\" src=\"https:\/\/curachildrensfoundation.org\/wp-content\/uploads\/2024\/07\/v2-768x576.jpg\" class=\"attachment-medium_large size-medium_large wp-image-3731\" alt=\"\" srcset=\"https:\/\/curachildrensfoundation.org\/wp-content\/uploads\/2024\/07\/v2-768x576.jpg 768w, https:\/\/curachildrensfoundation.org\/wp-content\/uploads\/2024\/07\/v2-300x225.jpg 300w, https:\/\/curachildrensfoundation.org\/wp-content\/uploads\/2024\/07\/v2.jpg 1024w\" sizes=\"(max-width: 768px) 100vw, 768px\" \/>\t\t\t\t\t\t\t\t<\/a>\n\t\t\t\t\t\t\t\t\t\t\t\t\t\t\t<\/div>\n\t\t\t\t<\/div>\n\t\t\t\t<div class=\"elementor-element elementor-element-4f0188f elementor-widget__width-initial elementor-widget elementor-widget-image-box\" data-id=\"4f0188f\" data-element_type=\"widget\" data-widget_type=\"image-box.default\">\n\t\t\t\t<div class=\"elementor-widget-container\">\n\t\t\t\t\t<div class=\"elementor-image-box-wrapper\"><div class=\"elementor-image-box-content\"><h3 class=\"elementor-image-box-title\"><a href=\"https:\/\/curachildrensfoundation.org\/de\/freedom-to-ski-ii-chateau-doex-schweiz\/\">Freedom to Ski II \u2013 Ch\u00e2teau d\u2019Oex, Schweiz<br> <div class=\"date\">November 2024 - M\u00e4rz 2025<\/div><\/a><\/h3><p class=\"elementor-image-box-description\">Im Jahr 2020 sammelte die Cura Children's Foundation Gelder f\u00fcr den Kauf und die Spende des ersten Tandem-Flex-Skis an die Capdenho Association, um Kindern mit Behinderungen das Skifahren zu erm\u00f6glichen. Spezialisierte Skilehrer begleiteten diese Kinder durch unvergessliche Erlebnisse und f\u00f6rderten Freude, Integration und Gemeinschaft.\n<br><br>\nAls Reaktion auf die vielen Anfragen zu Ehren von Bernhard Baumann, einem begeisterten Skifahrer im Saanenland, hat die Stiftung CHF 10'700 f\u00fcr ein zweites Tandem'Flex Ski gesammelt. Diese Initiative, in liebevoller Erinnerung an den Vater von Caroline Lo Faro, bietet nun noch mehr Kindern mit Beeintr\u00e4chtigungen die M\u00f6glichkeit, einen magischen Skitag in den Schweizer Alpen zu erleben.\n<br><br>\nHerzlichen Dank an alle!<br><br>\n<a href=\"https:\/\/curachildrensfoundation.org\/de\/freedom-to-ski-ii-chateau-doex-schweiz\/\">Weiterlesen<\/a>\n<\/p><\/div><\/div>\t\t\t\t<\/div>\n\t\t\t\t<\/div>\n\t\t\t\t\t<\/div>\n\t\t<\/div>\n\t\t\t\t<div class=\"elementor-column elementor-col-33 elementor-top-column elementor-element elementor-element-fd027f8\" data-id=\"fd027f8\" data-element_type=\"column\">\n\t\t\t<div class=\"elementor-widget-wrap elementor-element-populated\">\n\t\t\t\t\t\t<div class=\"elementor-element elementor-element-5e10ca8 elementor-widget elementor-widget-heading\" data-id=\"5e10ca8\" data-element_type=\"widget\" data-widget_type=\"heading.default\">\n\t\t\t\t<div class=\"elementor-widget-container\">\n\t\t\t\t\t<h3 class=\"elementor-heading-title elementor-size-default\">Projekt 15<\/h3>\t\t\t\t<\/div>\n\t\t\t\t<\/div>\n\t\t\t\t<div class=\"elementor-element elementor-element-2306a06 elementor-widget elementor-widget-image\" data-id=\"2306a06\" data-element_type=\"widget\" data-widget_type=\"image.default\">\n\t\t\t\t<div class=\"elementor-widget-container\">\n\t\t\t\t\t\t\t\t\t\t\t\t\t\t\t\t<a href=\"https:\/\/curachildrensfoundation.org\/cura-childrens-inclusion-camp-ii-saanenmoser-switzerland\/\">\n\t\t\t\t\t\t\t<img loading=\"lazy\" decoding=\"async\" width=\"660\" height=\"495\" src=\"https:\/\/curachildrensfoundation.org\/wp-content\/uploads\/2025\/03\/Art-Vernissage-by-Julia-Scheuer-Gstaad-Switzerland-1.jpg\" class=\"attachment-medium_large size-medium_large wp-image-4223\" alt=\"\" srcset=\"https:\/\/curachildrensfoundation.org\/wp-content\/uploads\/2025\/03\/Art-Vernissage-by-Julia-Scheuer-Gstaad-Switzerland-1.jpg 660w, https:\/\/curachildrensfoundation.org\/wp-content\/uploads\/2025\/03\/Art-Vernissage-by-Julia-Scheuer-Gstaad-Switzerland-1-300x225.jpg 300w\" sizes=\"(max-width: 660px) 100vw, 660px\" \/>\t\t\t\t\t\t\t\t<\/a>\n\t\t\t\t\t\t\t\t\t\t\t\t\t\t\t<\/div>\n\t\t\t\t<\/div>\n\t\t\t\t<div class=\"elementor-element elementor-element-8491ba1 elementor-widget elementor-widget-image-box\" data-id=\"8491ba1\" data-element_type=\"widget\" data-widget_type=\"image-box.default\">\n\t\t\t\t<div class=\"elementor-widget-container\">\n\t\t\t\t\t<div class=\"elementor-image-box-wrapper\"><div class=\"elementor-image-box-content\"><h3 class=\"elementor-image-box-title\"><a href=\"https:\/\/curachildrensfoundation.org\/de\/himmel-der-traeume-thun-schweiz\/\">Kunst Vernissage - von Julia Scheuer, Gstaad Schweiz<br> <div class=\"date\">Februar - M\u00e4rz 2025<\/div><\/a><\/h3><p class=\"elementor-image-box-description\">Die in den Hamptons NY lebende renommierte K\u00fcnstlerin Julia Scheuer stellte in Gstaad ihre erste Mountain Series vor. Ihre Werke bestechen durch die Wahl leuchtender Farben und die strukturierte Verwendung von Farbe und Klebeband.\n<br><br>\nVierzig Prozent des Erl\u00f6ses unterst\u00fctzen die Finanzierung unseres neuen Cura Dachkonzepts: Mehrere kleinere Projekte die darauf fokussieren, Kindern mit Behinderungen und\/oder bed\u00fcrftigen Familien in der gesamten Schweiz gezielt und individuell zu helfen.\n<br><br>Danke Julia, dass du an unsere Mission und an Kunst mit einem Zweck glaubst!\n\n<br><br>\n<a href=\"https:\/\/curachildrensfoundation.org\/de\/himmel-der-traeume-thun-schweiz\/\n\">Weiterlesen<\/a>\n\n<\/p><\/div><\/div>\t\t\t\t<\/div>\n\t\t\t\t<\/div>\n\t\t\t\t\t<\/div>\n\t\t<\/div>\n\t\t\t\t\t<\/div>\n\t\t<\/section>\n\t\t\t\t<section class=\"elementor-section elementor-top-section elementor-element elementor-element-41d521a elementor-section-boxed elementor-section-height-default elementor-section-height-default\" data-id=\"41d521a\" data-element_type=\"section\">\n\t\t\t\t\t\t<div class=\"elementor-container elementor-column-gap-extended\">\n\t\t\t\t\t<div class=\"elementor-column elementor-col-33 elementor-top-column elementor-element elementor-element-8217f24\" data-id=\"8217f24\" data-element_type=\"column\">\n\t\t\t<div class=\"elementor-widget-wrap elementor-element-populated\">\n\t\t\t\t\t\t<div class=\"elementor-element elementor-element-709dc7d elementor-widget elementor-widget-heading\" data-id=\"709dc7d\" data-element_type=\"widget\" data-widget_type=\"heading.default\">\n\t\t\t\t<div class=\"elementor-widget-container\">\n\t\t\t\t\t<h3 class=\"elementor-heading-title elementor-size-default\">Projekt 16<\/h3>\t\t\t\t<\/div>\n\t\t\t\t<\/div>\n\t\t\t\t<div class=\"elementor-element elementor-element-d289dbc elementor-widget elementor-widget-image\" data-id=\"d289dbc\" data-element_type=\"widget\" data-widget_type=\"image.default\">\n\t\t\t\t<div class=\"elementor-widget-container\">\n\t\t\t\t\t\t\t\t\t\t\t\t\t\t\t<img loading=\"lazy\" decoding=\"async\" width=\"576\" height=\"400\" src=\"https:\/\/curachildrensfoundation.org\/wp-content\/uploads\/2025\/07\/puppy.jpg\" class=\"attachment-medium_large size-medium_large wp-image-4895\" alt=\"\" srcset=\"https:\/\/curachildrensfoundation.org\/wp-content\/uploads\/2025\/07\/puppy.jpg 576w, https:\/\/curachildrensfoundation.org\/wp-content\/uploads\/2025\/07\/puppy-300x208.jpg 300w\" sizes=\"(max-width: 576px) 100vw, 576px\" \/>\t\t\t\t\t\t\t\t\t\t\t\t\t\t\t<\/div>\n\t\t\t\t<\/div>\n\t\t\t\t<div class=\"elementor-element elementor-element-bdcbc2a elementor-widget__width-initial elementor-widget elementor-widget-image-box\" data-id=\"bdcbc2a\" data-element_type=\"widget\" data-widget_type=\"image-box.default\">\n\t\t\t\t<div class=\"elementor-widget-container\">\n\t\t\t\t\t<div class=\"elementor-image-box-wrapper\"><div class=\"elementor-image-box-content\"><h3 class=\"elementor-image-box-title\">Spiel &Trainingsger\u00e4te f\u00fcr Welpen F\u00e4higkeiten \u2013 von der JFK-Schule Saanen, Schweiz<br> <div class=\"date\">November 2024-Juni 2025<\/div><\/h3><p class=\"elementor-image-box-description\">Cura hat begonnen, mit \u00f6rtlichen Schulen zusammenzuarbeiten, um das Bewusstsein f\u00fcr Wohlt\u00e4tigkeit, Inklusion und die Auswirkungen unserer Arbeit zu f\u00f6rdern. Bei einem k\u00fcrzlichen Besuch an der JFK International School in Saanen haben wir unsere Initiativen vorgestellt und mit den Sch\u00fclerinnen und Sch\u00fclern dar\u00fcber gesprochen, wie sie sich engagieren k\u00f6nnen.\n<br><br>\nSie haben ein sehr sinnvolles Projekt ausgew\u00e4hlt und erfolgreich beeindruckende 20.000 CHF f\u00fcr die Erneuerung der Spiel- und Trainingsger\u00e4te im \u201ePuppy Garden\u201c in Allschwil bei Basel gesammelt. Diese Strukturen sind entscheidend, um bei zuk\u00fcnftigen Assistenzhunden Gleichgewicht und Koordination zu entwickeln um sie darauf vorzubereiten, lebensver\u00e4ndernde Begleiter f\u00fcr Kinder im Rollstuhl zu werden.\n<br><br>\nDank der enormen Gro\u00dfz\u00fcgigkeit der JFK Schulgemeinde, \u00fcbertraf der Betrag die Erwartungen bei weitem und somit konnte auch noch das 2,5-j\u00e4hrige Trainingsprogramm f\u00fcr die beiden Welpen Purple und Percy auf ihrem Weg zu voll qualifizierten Assistenzhunden unterst\u00fctzt werden.\n<br><br>\nHerzlichen Dank an alle!<br><br>\n\n<\/p><\/div><\/div>\t\t\t\t<\/div>\n\t\t\t\t<\/div>\n\t\t\t\t\t<\/div>\n\t\t<\/div>\n\t\t\t\t<div class=\"elementor-column elementor-col-33 elementor-top-column elementor-element elementor-element-e2b2686\" data-id=\"e2b2686\" data-element_type=\"column\">\n\t\t\t<div class=\"elementor-widget-wrap elementor-element-populated\">\n\t\t\t\t\t\t<div class=\"elementor-element elementor-element-03d1a3b elementor-widget elementor-widget-heading\" data-id=\"03d1a3b\" data-element_type=\"widget\" data-widget_type=\"heading.default\">\n\t\t\t\t<div class=\"elementor-widget-container\">\n\t\t\t\t\t<h3 class=\"elementor-heading-title elementor-size-default\">Projekt 17<\/h3>\t\t\t\t<\/div>\n\t\t\t\t<\/div>\n\t\t\t\t<div class=\"elementor-element elementor-element-ab03ca9 elementor-widget elementor-widget-image\" data-id=\"ab03ca9\" data-element_type=\"widget\" data-widget_type=\"image.default\">\n\t\t\t\t<div class=\"elementor-widget-container\">\n\t\t\t\t\t\t\t\t\t\t\t\t\t\t\t<img loading=\"lazy\" decoding=\"async\" width=\"480\" height=\"337\" src=\"https:\/\/curachildrensfoundation.org\/wp-content\/uploads\/2025\/10\/inclusion_camp_past436.jpg\" class=\"attachment-medium_large size-medium_large wp-image-5106\" alt=\"Cura Children\u2019s Inclusion Camp IV \u2013 Saanenm\u00f6ser, Switzerland\" srcset=\"https:\/\/curachildrensfoundation.org\/wp-content\/uploads\/2025\/10\/inclusion_camp_past436.jpg 480w, https:\/\/curachildrensfoundation.org\/wp-content\/uploads\/2025\/10\/inclusion_camp_past436-300x211.jpg 300w\" sizes=\"(max-width: 480px) 100vw, 480px\" \/>\t\t\t\t\t\t\t\t\t\t\t\t\t\t\t<\/div>\n\t\t\t\t<\/div>\n\t\t\t\t<div class=\"elementor-element elementor-element-01a9415 elementor-widget__width-initial elementor-widget elementor-widget-image-box\" data-id=\"01a9415\" data-element_type=\"widget\" data-widget_type=\"image-box.default\">\n\t\t\t\t<div class=\"elementor-widget-container\">\n\t\t\t\t\t<div class=\"elementor-image-box-wrapper\"><div class=\"elementor-image-box-content\"><h3 class=\"elementor-image-box-title\"><a href=\"https:\/\/curachildrensfoundation.org\/de\/cura-childrens-inklusions-camp-iv-saanenmoeser-schweiz\/\/Weiterlesen\"> Cura Children\u2019s Inklusions Camp IV \u2013 Saanenm\u00f6ser, Schweiz<br> <div class=\"date\">Juli - September 2025<\/div><\/a><\/h3><p class=\"elementor-image-box-description\">Die vierte Ausgabe des Cura Children\u2019s Inclusion Camp brachte  11  Kinder im Alter von 8 bis 14 Jahren zu einer unvergesslichen Woche in den Schweizer Bergen zusammen.<br><br>\nDas Programm f\u00f6rderte ein echtes Zugeh\u00f6rigkeits- gef\u00fchl. Es bot Kindern mit Behinderungen und neurologischen Divergenzen die M\u00f6glichkeit, sich zu entfalten und gemeinsame Abenteuer zu erleben, w\u00e4hrend es Kindern ohne Behinderungen half, die vielf\u00e4ltigen F\u00e4higkeiten ihrer Altersgenossen sch\u00e4tzen und wertsch\u00e4tzen zu lernen.<br><br>\nInklusion war der Herzschlag all unserer Aktivit\u00e4ten. Dank der Unterst\u00fctzung engagierter Sozialarbeiter und leidenschaftlicher Freiwilliger wurde das\u00a0Cura\nChildren\u2019s Inclusion Camp IV\u00a0zu einem Ort, an dem Barrieren verschwanden, Freundschaften wuchsen und jedes Kind die Kraft von Miteinander und\nEntdecken erfahren konnte.\n<br><br>\nVielen Dank f\u00fcr Eure gro\u00dfz\u00fcgigen Spenden in H\u00f6he von CHF 4&#39;510.- , die\ndieses Camp erneut erm\u00f6glicht haben.\n<br><br>\n<a href=\"https:\/\/curachildrensfoundation.org\/de\/cura-childrens-inklusions-camp-iv-saanenmoeser-schweiz\/\/\">Weiterlesen<\/a>\n<\/p><\/div><\/div>\t\t\t\t<\/div>\n\t\t\t\t<\/div>\n\t\t\t\t\t<\/div>\n\t\t<\/div>\n\t\t\t\t<div class=\"elementor-column elementor-col-33 elementor-top-column elementor-element elementor-element-69b7090\" data-id=\"69b7090\" data-element_type=\"column\">\n\t\t\t<div class=\"elementor-widget-wrap elementor-element-populated\">\n\t\t\t\t\t\t<div class=\"elementor-element elementor-element-db15901 elementor-widget elementor-widget-heading\" data-id=\"db15901\" data-element_type=\"widget\" data-widget_type=\"heading.default\">\n\t\t\t\t<div class=\"elementor-widget-container\">\n\t\t\t\t\t<h3 class=\"elementor-heading-title elementor-size-default\">Projekt 18<\/h3>\t\t\t\t<\/div>\n\t\t\t\t<\/div>\n\t\t\t\t<div class=\"elementor-element elementor-element-8fb9907 elementor-widget elementor-widget-image\" data-id=\"8fb9907\" data-element_type=\"widget\" data-widget_type=\"image.default\">\n\t\t\t\t<div class=\"elementor-widget-container\">\n\t\t\t\t\t\t\t\t\t\t\t\t\t\t\t<img loading=\"lazy\" decoding=\"async\" width=\"480\" height=\"337\" src=\"https:\/\/curachildrensfoundation.org\/wp-content\/uploads\/2025\/10\/skyOfDreams.jpg\" class=\"attachment-medium_large size-medium_large wp-image-5221\" alt=\"skyOfDreams\" srcset=\"https:\/\/curachildrensfoundation.org\/wp-content\/uploads\/2025\/10\/skyOfDreams.jpg 480w, https:\/\/curachildrensfoundation.org\/wp-content\/uploads\/2025\/10\/skyOfDreams-300x211.jpg 300w\" sizes=\"(max-width: 480px) 100vw, 480px\" \/>\t\t\t\t\t\t\t\t\t\t\t\t\t\t\t<\/div>\n\t\t\t\t<\/div>\n\t\t\t\t<div class=\"elementor-element elementor-element-db109f1 elementor-widget__width-initial elementor-widget elementor-widget-image-box\" data-id=\"db109f1\" data-element_type=\"widget\" data-widget_type=\"image-box.default\">\n\t\t\t\t<div class=\"elementor-widget-container\">\n\t\t\t\t\t<div class=\"elementor-image-box-wrapper\"><div class=\"elementor-image-box-content\"><h3 class=\"elementor-image-box-title\"> Himmel der Tr\u00e4ume \u2013 Thun, Schweiz<br> <div class=\"date\">Juni 2025<\/div><\/h3><p class=\"elementor-image-box-description\">Gemeinsam mit der Make-A-Wish Stiftung erf\u00fcllte Cura den Herzenswunsch\ndes 12-j\u00e4hrigen Mark, der an Bauchspeicheldr\u00fcsenkrebs leidet: einen\nzweist\u00fcndigen Rundflug in einem Kleinflugzeug \u00fcber die Schweiz. Begleitet von\nseiner Mutter und Schwester durfte Mark im Rahmen eines kurzen\nPilotentrainings sogar selbst das Steuer \u00fcbernehmen.<br><br>\nSolche erf\u00fcllten W\u00fcnsche haben eine nachweislich starke therapeutische\nWirkung. Dieses Erlebnis im Wert von CHF 5\u2019000 wurde durch den GoFund\n2024 der Cura Glacier 3000 L\u00e4ufer erm\u00f6glicht. Von Herzen Danke an alle die\ndazu beigetragen haben.\n\n<br><br>\n\n<\/p><\/div><\/div>\t\t\t\t<\/div>\n\t\t\t\t<\/div>\n\t\t\t\t\t<\/div>\n\t\t<\/div>\n\t\t\t\t\t<\/div>\n\t\t<\/section>\n\t\t\t\t<section class=\"elementor-section elementor-top-section elementor-element elementor-element-94702c3 elementor-section-boxed elementor-section-height-default elementor-section-height-default\" data-id=\"94702c3\" data-element_type=\"section\">\n\t\t\t\t\t\t<div class=\"elementor-container elementor-column-gap-extended\">\n\t\t\t\t\t<div class=\"elementor-column elementor-col-33 elementor-top-column elementor-element elementor-element-3165668\" data-id=\"3165668\" data-element_type=\"column\">\n\t\t\t<div class=\"elementor-widget-wrap elementor-element-populated\">\n\t\t\t\t\t\t<div class=\"elementor-element elementor-element-704b8fa elementor-widget elementor-widget-heading\" data-id=\"704b8fa\" data-element_type=\"widget\" data-widget_type=\"heading.default\">\n\t\t\t\t<div class=\"elementor-widget-container\">\n\t\t\t\t\t<h3 class=\"elementor-heading-title elementor-size-default\">Projekt 19<\/h3>\t\t\t\t<\/div>\n\t\t\t\t<\/div>\n\t\t\t\t<div class=\"elementor-element elementor-element-c1d7c2f elementor-widget elementor-widget-image\" data-id=\"c1d7c2f\" data-element_type=\"widget\" data-widget_type=\"image.default\">\n\t\t\t\t<div class=\"elementor-widget-container\">\n\t\t\t\t\t\t\t\t\t\t\t\t\t\t\t<img loading=\"lazy\" decoding=\"async\" width=\"662\" height=\"496\" src=\"https:\/\/curachildrensfoundation.org\/wp-content\/uploads\/2025\/10\/germ_free_little_square.jpg\" class=\"attachment-medium_large size-medium_large wp-image-5047\" alt=\"\" srcset=\"https:\/\/curachildrensfoundation.org\/wp-content\/uploads\/2025\/10\/germ_free_little_square.jpg 662w, https:\/\/curachildrensfoundation.org\/wp-content\/uploads\/2025\/10\/germ_free_little_square-300x225.jpg 300w\" sizes=\"(max-width: 662px) 100vw, 662px\" \/>\t\t\t\t\t\t\t\t\t\t\t\t\t\t\t<\/div>\n\t\t\t\t<\/div>\n\t\t\t\t<div class=\"elementor-element elementor-element-0b29738 elementor-widget__width-initial elementor-widget elementor-widget-image-box\" data-id=\"0b29738\" data-element_type=\"widget\" data-widget_type=\"image-box.default\">\n\t\t\t\t<div class=\"elementor-widget-container\">\n\t\t\t\t\t<div class=\"elementor-image-box-wrapper\"><div class=\"elementor-image-box-content\"><h3 class=\"elementor-image-box-title\">Einen Jungen Patienten Retten \u2013 Genf, Schweiz<br> <div class=\"date\">Dezember 2025 \u2013 M\u00e4rz 2026<\/div><\/h3><p class=\"elementor-image-box-description\">Dank unserer gro\u00dfz\u00fcgigen Spender konnte das Projekt f\u00fcr die Familie V.L. erfolgreich umgesetzt werden. Insgesamt kamen 5'788 CHF zusammen, um dem 5-j\u00e4hrigen Zacharia nach einer Knochenmarktransplantation ein Lastenfahrrad zu finanzieren. <br>\n<br>\n\nDa er nach der Behandlung weiterhin sehr infektionsanf\u00e4llig war, erleichterte das Fahrrad seiner Mutter den Alltag erheblich: Arztbesuche konnten sicher organisiert und gleichzeitig die Betreuung der drei Geschwister gew\u00e4hrleistet werden, ganz ohne die Risiken der \u00f6ffentliche Verkehrsmittel. <br>\n\n<br>\nDiese Unterst\u00fctzung schenkte der Familie in einer schwierigen Zeit sp\u00fcrbare Entlastung und Geborgenheit.\n<br><br>\n<a href=\"https:\/\/curachildrensfoundation.org\/de\/keimfreie-mobilitaet-fuer-einen-jungen-patienten-genf-schweiz\/\">Weiterlesen<\/a>\n<\/p><\/div><\/div>\t\t\t\t<\/div>\n\t\t\t\t<\/div>\n\t\t\t\t\t<\/div>\n\t\t<\/div>\n\t\t\t\t<div class=\"elementor-column elementor-col-33 elementor-top-column elementor-element elementor-element-dc69931\" data-id=\"dc69931\" data-element_type=\"column\">\n\t\t\t<div class=\"elementor-widget-wrap elementor-element-populated\">\n\t\t\t\t\t\t<div class=\"elementor-element elementor-element-de8d3e5 elementor-widget elementor-widget-heading\" data-id=\"de8d3e5\" data-element_type=\"widget\" data-widget_type=\"heading.default\">\n\t\t\t\t<div class=\"elementor-widget-container\">\n\t\t\t\t\t<h3 class=\"elementor-heading-title elementor-size-default\">Projekt 20<\/h3>\t\t\t\t<\/div>\n\t\t\t\t<\/div>\n\t\t\t\t<div class=\"elementor-element elementor-element-1b2b583 elementor-widget elementor-widget-image\" data-id=\"1b2b583\" data-element_type=\"widget\" data-widget_type=\"image.default\">\n\t\t\t\t<div class=\"elementor-widget-container\">\n\t\t\t\t\t\t\t\t\t\t\t\t\t\t\t<img loading=\"lazy\" decoding=\"async\" width=\"768\" height=\"585\" src=\"https:\/\/curachildrensfoundation.org\/wp-content\/uploads\/2025\/10\/cura_movie_voucher-768x585.jpg\" class=\"attachment-medium_large size-medium_large wp-image-5117\" alt=\"\" srcset=\"https:\/\/curachildrensfoundation.org\/wp-content\/uploads\/2025\/10\/cura_movie_voucher-768x585.jpg 768w, https:\/\/curachildrensfoundation.org\/wp-content\/uploads\/2025\/10\/cura_movie_voucher-300x228.jpg 300w, https:\/\/curachildrensfoundation.org\/wp-content\/uploads\/2025\/10\/cura_movie_voucher.jpg 1009w\" sizes=\"(max-width: 768px) 100vw, 768px\" \/>\t\t\t\t\t\t\t\t\t\t\t\t\t\t\t<\/div>\n\t\t\t\t<\/div>\n\t\t\t\t<div class=\"elementor-element elementor-element-c6db6cc elementor-widget__width-initial elementor-widget elementor-widget-image-box\" data-id=\"c6db6cc\" data-element_type=\"widget\" data-widget_type=\"image-box.default\">\n\t\t\t\t<div class=\"elementor-widget-container\">\n\t\t\t\t\t<div class=\"elementor-image-box-wrapper\"><div class=\"elementor-image-box-content\"><h3 class=\"elementor-image-box-title\"><a href=\"https:\/\/curachildrensfoundation.org\/de\/cura-childrens-inklusions-camp-iv-saanenmoeser-schweiz\/\/Weiterlesen\"> Eine Zeit f\u00fcr Mitgef\u00fchle - Z\u00fcrich, Schweiz<br> <div class=\"date\">Dezember 2025 \u2013 M\u00e4rz 2026<\/div><\/a><\/h3><p class=\"elementor-image-box-description\">Das Weihnachtsprojekt zur Unterst\u00fctzung von Nemo, einer Notunterkunft in Z\u00fcrich f\u00fcr Jugendliche im Alter von 16 bis 23 Jahren, konzentrierte sich darauf, Gutscheine f\u00fcr gemeinsame Aktivit\u00e4ten wie Kinobesuche, Mahlzeiten und Ausfl\u00fcge w\u00e4hrend der Weihnachtszeit zu verteilen. <br>\n\n<br>\n\nEs bot Momente der Normalit\u00e4t, Freude und Zugeh\u00f6rigkeit in einer besonders schwierigen Zeit. Das Projekt wurde erfolgreich abgeschlossen, vollst\u00e4ndig finanziert und \u00fcbertraf mit 2\u2019590 CHF f\u00fcr zus\u00e4tzliche Gutscheine sogar unser Ziel.\n<br>\n\n<br>\n\nDie jungen Bewohner schickten uns zudem eine liebevolle Dankeskarte als Zeichen ihrer grossen Wertsch\u00e4tzung.\n\n<br><br>\n<a href=\"https:\/\/curachildrensfoundation.org\/de\/eine-zeit-fuer-mitgefuehle-zuerich-schweiza-time-of-compassion-zuerich-switzerland\/\">Weiterlesen<\/a>\n<\/p><\/div><\/div>\t\t\t\t<\/div>\n\t\t\t\t<\/div>\n\t\t\t\t\t<\/div>\n\t\t<\/div>\n\t\t\t\t<div class=\"elementor-column elementor-col-33 elementor-top-column elementor-element elementor-element-5d05cd5\" data-id=\"5d05cd5\" data-element_type=\"column\">\n\t\t\t<div class=\"elementor-widget-wrap elementor-element-populated\">\n\t\t\t\t\t\t\t<\/div>\n\t\t<\/div>\n\t\t\t\t\t<\/div>\n\t\t<\/section>\n\t\t\t\t<\/div>\n\t\t","protected":false},"excerpt":{"rendered":"<p>Realisierte Projekte Projekt 1 ABC \u2013 New York Harlem, USA Juni &#8211; September 2020 Durch Eure grossz\u00fcgigen Spenden konnten wir $ 8,500 sammeln und haben somit das Ziel f\u00fcr unser erstes Projekts erreicht. Mit Eurer Hilfe wird ABC 3&#8217;000 warme Mahlzeiten f\u00fcr viele Familien und Kinder in Not in East Harlem austeilen, die w\u00e4hrend der [&hellip;]<\/p>\n","protected":false},"author":1,"featured_media":0,"parent":0,"menu_order":0,"comment_status":"closed","ping_status":"closed","template":"elementor_header_footer","meta":{"footnotes":""},"class_list":["post-1726","page","type-page","status-publish","hentry"],"_links":{"self":[{"href":"https:\/\/curachildrensfoundation.org\/de\/wp-json\/wp\/v2\/pages\/1726","targetHints":{"allow":["GET"]}}],"collection":[{"href":"https:\/\/curachildrensfoundation.org\/de\/wp-json\/wp\/v2\/pages"}],"about":[{"href":"https:\/\/curachildrensfoundation.org\/de\/wp-json\/wp\/v2\/types\/page"}],"author":[{"embeddable":true,"href":"https:\/\/curachildrensfoundation.org\/de\/wp-json\/wp\/v2\/users\/1"}],"replies":[{"embeddable":true,"href":"https:\/\/curachildrensfoundation.org\/de\/wp-json\/wp\/v2\/comments?post=1726"}],"version-history":[{"count":72,"href":"https:\/\/curachildrensfoundation.org\/de\/wp-json\/wp\/v2\/pages\/1726\/revisions"}],"predecessor-version":[{"id":5623,"href":"https:\/\/curachildrensfoundation.org\/de\/wp-json\/wp\/v2\/pages\/1726\/revisions\/5623"}],"wp:attachment":[{"href":"https:\/\/curachildrensfoundation.org\/de\/wp-json\/wp\/v2\/media?parent=1726"}],"curies":[{"name":"wp","href":"https:\/\/api.w.org\/{rel}","templated":true}]}}