{"id":1724,"date":"2023-05-11T15:21:33","date_gmt":"2023-05-11T13:21:33","guid":{"rendered":"https:\/\/curachildrensfoundation.org\/ueber-uns\/"},"modified":"2025-11-21T21:04:42","modified_gmt":"2025-11-21T20:04:42","slug":"ueber-uns","status":"publish","type":"page","link":"https:\/\/curachildrensfoundation.org\/de\/ueber-uns\/","title":{"rendered":"\u00dcber uns"},"content":{"rendered":"\t\t<div data-elementor-type=\"wp-page\" data-elementor-id=\"1724\" class=\"elementor elementor-1724 elementor-206\" data-elementor-post-type=\"page\">\n\t\t\t\t\t\t<section class=\"elementor-section elementor-top-section elementor-element elementor-element-7d01082d animated-slow elementor-section-boxed elementor-section-height-default elementor-section-height-default elementor-invisible\" data-id=\"7d01082d\" data-element_type=\"section\" data-settings=\"{&quot;animation&quot;:&quot;fadeIn&quot;}\">\n\t\t\t\t\t\t<div class=\"elementor-container elementor-column-gap-default\">\n\t\t\t\t\t<div class=\"elementor-column elementor-col-100 elementor-top-column elementor-element elementor-element-3e9882e7\" data-id=\"3e9882e7\" data-element_type=\"column\">\n\t\t\t<div class=\"elementor-widget-wrap elementor-element-populated\">\n\t\t\t\t\t\t<div class=\"elementor-element elementor-element-19dbcdd3 elementor-widget elementor-widget-heading\" data-id=\"19dbcdd3\" data-element_type=\"widget\" data-widget_type=\"heading.default\">\n\t\t\t\t<div class=\"elementor-widget-container\">\n\t\t\t\t\t<h1 class=\"elementor-heading-title elementor-size-default\">CURA CHILDREN\u2019S FOUNDATION<\/h1>\t\t\t\t<\/div>\n\t\t\t\t<\/div>\n\t\t\t\t<div class=\"elementor-element elementor-element-acdd5ef elementor-hidden-phone elementor-widget-divider--view-line elementor-widget elementor-widget-divider\" data-id=\"acdd5ef\" data-element_type=\"widget\" data-widget_type=\"divider.default\">\n\t\t\t\t<div class=\"elementor-widget-container\">\n\t\t\t\t\t\t\t<div class=\"elementor-divider\">\n\t\t\t<span class=\"elementor-divider-separator\">\n\t\t\t\t\t\t<\/span>\n\t\t<\/div>\n\t\t\t\t\t\t<\/div>\n\t\t\t\t<\/div>\n\t\t\t\t<div class=\"elementor-element elementor-element-5a41b6 elementor-widget elementor-widget-text-editor\" data-id=\"5a41b6\" data-element_type=\"widget\" data-widget_type=\"text-editor.default\">\n\t\t\t\t<div class=\"elementor-widget-container\">\n\t\t\t\t\t\t\t\t\t<p><strong>Cura ist das lateinische Wort f\u00fcr \u201cF\u00fcrsorge\u201d, welches die Mission der Cura Children\u2019s Foundation definiert<\/strong>&nbsp;und unsere Leitidee widerspiegelt. Die Cura Children\u2019s Foundation wurde im Juli 2020 von uns lanciert und bietet&nbsp;<strong>umfassende Unterst\u00fctzung f\u00fcr Kinder und Familien in Not in der Schweiz<\/strong>. Seit vielen Jahren engagieren wir uns beide karitativ, was uns zur Gr\u00fcndung dieser Stiftung inspiriert hat.<\/p>\n<p>Jedes Projekt wird in unserem Hauptsitz in der Schweiz sorgf\u00e4ltig gepr\u00fcft und ausgew\u00e4hlt. Wir w\u00e4hlen nur Projekte aus, bei denen die Unterst\u00fctzung unserer Spender sichtbar und von grossem Nutzen ist. <strong>Etwa alle vier Monate laden wir ein neues Projekt f\u00fcr Spenden hoch.<\/strong><\/p>\n<p>Wir betreuen jedes Projekt pers\u00f6nlich und bieten gr\u00f6\u00dftm\u00f6gliche Unterst\u00fctzung in jeder Phase.&nbsp;<strong>Jedes Projekt ist spezifisch, zielgerichtet, hocheffizient und mit sofortiger Hilfe f\u00fcr die Bed\u00fcrftigen.<\/strong><\/p>\n<p><strong>Alle Spenden werden ausschlie\u00dflich zur direkten Finanzierung der Projekte der Cura Children\u2019s Foundation verwendet<\/strong>, da unsere Betriebskosten vollst\u00e4ndig von uns pers\u00f6nlich finanziert werden.<\/p>\n<p>Wir hoffen, dass Sie uns unterst\u00fctzen werden, um Kindern und ihren Familien in Not in der Schweiz zu helfen..<\/p>\n<p>Wir danken Ihnen von ganzem Herzen,<\/p>\t\t\t\t\t\t\t\t<\/div>\n\t\t\t\t<\/div>\n\t\t\t\t\t<\/div>\n\t\t<\/div>\n\t\t\t\t\t<\/div>\n\t\t<\/section>\n\t\t\t\t<section class=\"elementor-section elementor-top-section elementor-element elementor-element-87c16f9 elementor-section-boxed elementor-section-height-default elementor-section-height-default\" data-id=\"87c16f9\" data-element_type=\"section\">\n\t\t\t\t\t\t<div class=\"elementor-container elementor-column-gap-default\">\n\t\t\t\t\t<div class=\"elementor-column elementor-col-100 elementor-top-column elementor-element elementor-element-ff88843\" data-id=\"ff88843\" data-element_type=\"column\">\n\t\t\t<div class=\"elementor-widget-wrap elementor-element-populated\">\n\t\t\t\t\t\t<div class=\"elementor-element elementor-element-8dbf654 elementor-widget elementor-widget-text-editor\" data-id=\"8dbf654\" data-element_type=\"widget\" data-widget_type=\"text-editor.default\">\n\t\t\t\t<div class=\"elementor-widget-container\">\n\t\t\t\t\t\t\t\t\t<p>Carina &amp; Caroline<\/p>\t\t\t\t\t\t\t\t<\/div>\n\t\t\t\t<\/div>\n\t\t\t\t\t<\/div>\n\t\t<\/div>\n\t\t\t\t\t<\/div>\n\t\t<\/section>\n\t\t\t\t<section class=\"elementor-section elementor-top-section elementor-element elementor-element-212646c5 animated-slow elementor-section-boxed elementor-section-height-default elementor-section-height-default elementor-invisible\" data-id=\"212646c5\" data-element_type=\"section\" data-settings=\"{&quot;animation&quot;:&quot;fadeIn&quot;}\">\n\t\t\t\t\t\t<div class=\"elementor-container elementor-column-gap-default\">\n\t\t\t\t\t<div class=\"elementor-column elementor-col-33 elementor-top-column elementor-element elementor-element-792478d2\" data-id=\"792478d2\" data-element_type=\"column\">\n\t\t\t<div class=\"elementor-widget-wrap elementor-element-populated\">\n\t\t\t\t\t\t<div class=\"elementor-element elementor-element-34b3362e elementor-widget elementor-widget-image\" data-id=\"34b3362e\" data-element_type=\"widget\" data-widget_type=\"image.default\">\n\t\t\t\t<div class=\"elementor-widget-container\">\n\t\t\t\t\t\t\t\t\t\t\t\t\t\t\t<img fetchpriority=\"high\" decoding=\"async\" width=\"683\" height=\"1024\" src=\"https:\/\/curachildrensfoundation.org\/wp-content\/uploads\/2023\/05\/Carina-2023-683x1024.jpg\" class=\"attachment-large size-large wp-image-2009\" alt=\"\" srcset=\"https:\/\/curachildrensfoundation.org\/wp-content\/uploads\/2023\/05\/Carina-2023-683x1024.jpg 683w, https:\/\/curachildrensfoundation.org\/wp-content\/uploads\/2023\/05\/Carina-2023-200x300.jpg 200w, https:\/\/curachildrensfoundation.org\/wp-content\/uploads\/2023\/05\/Carina-2023-768x1152.jpg 768w, https:\/\/curachildrensfoundation.org\/wp-content\/uploads\/2023\/05\/Carina-2023-1024x1536.jpg 1024w, https:\/\/curachildrensfoundation.org\/wp-content\/uploads\/2023\/05\/Carina-2023-1365x2048.jpg 1365w, https:\/\/curachildrensfoundation.org\/wp-content\/uploads\/2023\/05\/Carina-2023-scaled.jpg 1707w\" sizes=\"(max-width: 683px) 100vw, 683px\" \/>\t\t\t\t\t\t\t\t\t\t\t\t\t\t\t<\/div>\n\t\t\t\t<\/div>\n\t\t\t\t\t<\/div>\n\t\t<\/div>\n\t\t\t\t<div class=\"elementor-column elementor-col-66 elementor-top-column elementor-element elementor-element-aa4e81e\" data-id=\"aa4e81e\" data-element_type=\"column\">\n\t\t\t<div class=\"elementor-widget-wrap elementor-element-populated\">\n\t\t\t\t\t\t<div class=\"elementor-element elementor-element-10e90d39 elementor-widget elementor-widget-heading\" data-id=\"10e90d39\" data-element_type=\"widget\" data-widget_type=\"heading.default\">\n\t\t\t\t<div class=\"elementor-widget-container\">\n\t\t\t\t\t<h4 class=\"elementor-heading-title elementor-size-default\">CARINA JONES <em>Mitbegr\u00fcnderin<\/em><\/h4>\t\t\t\t<\/div>\n\t\t\t\t<\/div>\n\t\t\t\t<div class=\"elementor-element elementor-element-750cc4c5 elementor-hidden-phone elementor-widget-divider--view-line elementor-widget elementor-widget-divider\" data-id=\"750cc4c5\" data-element_type=\"widget\" data-widget_type=\"divider.default\">\n\t\t\t\t<div class=\"elementor-widget-container\">\n\t\t\t\t\t\t\t<div class=\"elementor-divider\">\n\t\t\t<span class=\"elementor-divider-separator\">\n\t\t\t\t\t\t<\/span>\n\t\t<\/div>\n\t\t\t\t\t\t<\/div>\n\t\t\t\t<\/div>\n\t\t\t\t<div class=\"elementor-element elementor-element-5a83e0fe elementor-widget elementor-widget-text-editor\" data-id=\"5a83e0fe\" data-element_type=\"widget\" data-widget_type=\"text-editor.default\">\n\t\t\t\t<div class=\"elementor-widget-container\">\n\t\t\t\t\t\t\t\t\t<p>Nach Abschluss ihres Studiums an der Universit\u00e4t St. Gallen in der Schweiz und nach vielen Jahren der Arbeit in der Modebranche, nahm Carina 1994 ein einj\u00e4hriges Sabbatical, um ehrenamtlich f\u00fcr das\u00a0<em>Los Angeles Youth Network<\/em>\u00a0in einem Kinderheim am Hollywood Boulevard zu arbeiten.<\/p><p>Im Jahr 2003 zog sie in die Schweiz, wurde Mutter von zwei Kindern und arbeitete dann 10 Jahre lang als Vizepr\u00e4sidentin f\u00fcr\u00a0<em>Innocence in Danger<\/em>\u00a0(IID). Dort lernte sie Caroline &amp; Steffi kennen, mit denen sie die n\u00e4chsten f\u00fcnf Jahre bei IID kollaborierte. Dann zog es Carina und ihre Familie nach Bali f\u00fcr einige Jahre, wo sie sich weiterhin wohlt\u00e4tig engagierte.<\/p><p>Im Laufe der Zeit konnte sie miterleben welchen positiven Einfluss eine einzelne Person auf das Leid anderer Menschen haben kann. Seit ihrer R\u00fcckkehr aus Bali bringt sie diese Erfahrungen bei der Cura Children\u2019s Foundation ein.<\/p>\t\t\t\t\t\t\t\t<\/div>\n\t\t\t\t<\/div>\n\t\t\t\t\t<\/div>\n\t\t<\/div>\n\t\t\t\t\t<\/div>\n\t\t<\/section>\n\t\t\t\t<section class=\"elementor-section elementor-top-section elementor-element elementor-element-40fe632a animated-slow elementor-section-boxed elementor-section-height-default elementor-section-height-default elementor-invisible\" data-id=\"40fe632a\" data-element_type=\"section\" data-settings=\"{&quot;animation&quot;:&quot;fadeIn&quot;}\">\n\t\t\t\t\t\t<div class=\"elementor-container elementor-column-gap-default\">\n\t\t\t\t\t<div class=\"elementor-column elementor-col-33 elementor-top-column elementor-element elementor-element-4a282214\" data-id=\"4a282214\" data-element_type=\"column\">\n\t\t\t<div class=\"elementor-widget-wrap elementor-element-populated\">\n\t\t\t\t\t\t<div class=\"elementor-element elementor-element-558dd960 elementor-widget elementor-widget-image\" data-id=\"558dd960\" data-element_type=\"widget\" data-widget_type=\"image.default\">\n\t\t\t\t<div class=\"elementor-widget-container\">\n\t\t\t\t\t\t\t\t\t\t\t\t\t\t\t<img decoding=\"async\" width=\"684\" height=\"1024\" src=\"https:\/\/curachildrensfoundation.org\/wp-content\/uploads\/2023\/05\/Caroline-2023-684x1024.jpg\" class=\"attachment-large size-large wp-image-2011\" alt=\"\" srcset=\"https:\/\/curachildrensfoundation.org\/wp-content\/uploads\/2023\/05\/Caroline-2023-684x1024.jpg 684w, https:\/\/curachildrensfoundation.org\/wp-content\/uploads\/2023\/05\/Caroline-2023-200x300.jpg 200w, https:\/\/curachildrensfoundation.org\/wp-content\/uploads\/2023\/05\/Caroline-2023-768x1150.jpg 768w, https:\/\/curachildrensfoundation.org\/wp-content\/uploads\/2023\/05\/Caroline-2023-1025x1536.jpg 1025w, https:\/\/curachildrensfoundation.org\/wp-content\/uploads\/2023\/05\/Caroline-2023-1367x2048.jpg 1367w, https:\/\/curachildrensfoundation.org\/wp-content\/uploads\/2023\/05\/Caroline-2023-scaled.jpg 1709w\" sizes=\"(max-width: 684px) 100vw, 684px\" \/>\t\t\t\t\t\t\t\t\t\t\t\t\t\t\t<\/div>\n\t\t\t\t<\/div>\n\t\t\t\t\t<\/div>\n\t\t<\/div>\n\t\t\t\t<div class=\"elementor-column elementor-col-66 elementor-top-column elementor-element elementor-element-624492f4\" data-id=\"624492f4\" data-element_type=\"column\">\n\t\t\t<div class=\"elementor-widget-wrap elementor-element-populated\">\n\t\t\t\t\t\t<div class=\"elementor-element elementor-element-7e0ea12c elementor-widget elementor-widget-heading\" data-id=\"7e0ea12c\" data-element_type=\"widget\" data-widget_type=\"heading.default\">\n\t\t\t\t<div class=\"elementor-widget-container\">\n\t\t\t\t\t<h4 class=\"elementor-heading-title elementor-size-default\">CAROLINE LO FARO <em>Mitbegr\u00fcnderin<\/em><\/h4>\t\t\t\t<\/div>\n\t\t\t\t<\/div>\n\t\t\t\t<div class=\"elementor-element elementor-element-56f9943c elementor-hidden-phone elementor-widget-divider--view-line elementor-widget elementor-widget-divider\" data-id=\"56f9943c\" data-element_type=\"widget\" data-widget_type=\"divider.default\">\n\t\t\t\t<div class=\"elementor-widget-container\">\n\t\t\t\t\t\t\t<div class=\"elementor-divider\">\n\t\t\t<span class=\"elementor-divider-separator\">\n\t\t\t\t\t\t<\/span>\n\t\t<\/div>\n\t\t\t\t\t\t<\/div>\n\t\t\t\t<\/div>\n\t\t\t\t<div class=\"elementor-element elementor-element-1fc6a3ab elementor-widget elementor-widget-text-editor\" data-id=\"1fc6a3ab\" data-element_type=\"widget\" data-widget_type=\"text-editor.default\">\n\t\t\t\t<div class=\"elementor-widget-container\">\n\t\t\t\t\t\t\t\t\t<p>Nachdem sie \u00fcber 20 Jahre in der Modebranche gearbeitet hatte, legte Caroline ihren Schwerpunkt auf die Arbeit f\u00fcr Menschen in Not. Sie unterst\u00fctzte kleine Projekten wie The Soup Kitchen in New York und half beim Aufbau der Bibliothek f\u00fcr die Association to Benefit Children (ABC) in Harlem, eine Organisation, in der sie bis heute engagiert ist.<\/p><p>Danach weitete Caroline ihre ehrenamtliche T\u00e4tigkeit auf die Schweiz aus, wo sie Carina &amp; Steffi kennenlernte und f\u00fcnf Jahre lang mit ihnen f\u00fcr die Organisation Innocence in Danger arbeitete.<\/p><p>Diese Erfahrung erwies sich als Katalysator f\u00fcr ihren Wunsch, mehr zu tun. Als Mutter von zwei Kindern glaubt Caroline, dass Kinder unsere Zukunft sind, und sie hofft, dass die Arbeit der Cura Children\u2019s Foundation durch ihre eigenen Kinder weitergef\u00fchrt werden wird.<\/p>\t\t\t\t\t\t\t\t<\/div>\n\t\t\t\t<\/div>\n\t\t\t\t\t<\/div>\n\t\t<\/div>\n\t\t\t\t\t<\/div>\n\t\t<\/section>\n\t\t\t\t<section class=\"elementor-section elementor-top-section elementor-element elementor-element-b251d53 animated-slow elementor-section-boxed elementor-section-height-default elementor-section-height-default elementor-invisible\" data-id=\"b251d53\" data-element_type=\"section\" data-settings=\"{&quot;animation&quot;:&quot;fadeIn&quot;}\">\n\t\t\t\t\t\t<div class=\"elementor-container elementor-column-gap-default\">\n\t\t\t\t\t<div class=\"elementor-column elementor-col-33 elementor-top-column elementor-element elementor-element-6ccabb61\" data-id=\"6ccabb61\" data-element_type=\"column\">\n\t\t\t<div class=\"elementor-widget-wrap elementor-element-populated\">\n\t\t\t\t\t\t<div class=\"elementor-element elementor-element-6a78c3f9 elementor-widget elementor-widget-image\" data-id=\"6a78c3f9\" data-element_type=\"widget\" data-widget_type=\"image.default\">\n\t\t\t\t<div class=\"elementor-widget-container\">\n\t\t\t\t\t\t\t\t\t\t\t\t\t\t\t<img decoding=\"async\" width=\"400\" height=\"529\" src=\"https:\/\/curachildrensfoundation.org\/wp-content\/uploads\/2023\/05\/Steffi-von-Siebenthal-400x529-1-1.jpg\" class=\"attachment-large size-large wp-image-1593\" alt=\"\" srcset=\"https:\/\/curachildrensfoundation.org\/wp-content\/uploads\/2023\/05\/Steffi-von-Siebenthal-400x529-1-1.jpg 400w, https:\/\/curachildrensfoundation.org\/wp-content\/uploads\/2023\/05\/Steffi-von-Siebenthal-400x529-1-1-227x300.jpg 227w\" sizes=\"(max-width: 400px) 100vw, 400px\" \/>\t\t\t\t\t\t\t\t\t\t\t\t\t\t\t<\/div>\n\t\t\t\t<\/div>\n\t\t\t\t\t<\/div>\n\t\t<\/div>\n\t\t\t\t<div class=\"elementor-column elementor-col-66 elementor-top-column elementor-element elementor-element-16d07c0b\" data-id=\"16d07c0b\" data-element_type=\"column\">\n\t\t\t<div class=\"elementor-widget-wrap elementor-element-populated\">\n\t\t\t\t\t\t<div class=\"elementor-element elementor-element-22e354b4 elementor-widget elementor-widget-heading\" data-id=\"22e354b4\" data-element_type=\"widget\" data-widget_type=\"heading.default\">\n\t\t\t\t<div class=\"elementor-widget-container\">\n\t\t\t\t\t<h4 class=\"elementor-heading-title elementor-size-default\">STEFFI VON SIEBENTHAL <em>Vorstandsmitglied<\/em><\/h4>\t\t\t\t<\/div>\n\t\t\t\t<\/div>\n\t\t\t\t<div class=\"elementor-element elementor-element-56bc0feb elementor-hidden-phone elementor-widget-divider--view-line elementor-widget elementor-widget-divider\" data-id=\"56bc0feb\" data-element_type=\"widget\" data-widget_type=\"divider.default\">\n\t\t\t\t<div class=\"elementor-widget-container\">\n\t\t\t\t\t\t\t<div class=\"elementor-divider\">\n\t\t\t<span class=\"elementor-divider-separator\">\n\t\t\t\t\t\t<\/span>\n\t\t<\/div>\n\t\t\t\t\t\t<\/div>\n\t\t\t\t<\/div>\n\t\t\t\t<div class=\"elementor-element elementor-element-62bbbd72 elementor-widget elementor-widget-text-editor\" data-id=\"62bbbd72\" data-element_type=\"widget\" data-widget_type=\"text-editor.default\">\n\t\t\t\t<div class=\"elementor-widget-container\">\n\t\t\t\t\t\t\t\t\t<p>Als Weltmeisterin und zweifache Olympiateilnehmerin im Alpinen Snowboarden und als Botschafterin der Cleven Foundation bringt Steffi Leidenschaft und Fachwissen in die Cura Children\u2019s Foundation ein.<\/p><p>Sie hat zusammen mit Carina und Caroline Sommercamps f\u00fcr Innocent In Danger in Gstaad organisiert und konzentriert sie sich nun auf philanthropische Projekte, deren Aufgabe es ist, unterprivilegierten Kindern zu helfen.<\/p><p>Steffi ist eine engagierte Mutter von 2 wunderbaren Kindern und eine professionelle engagierte Personal Trainerin.<\/p>\t\t\t\t\t\t\t\t<\/div>\n\t\t\t\t<\/div>\n\t\t\t\t\t<\/div>\n\t\t<\/div>\n\t\t\t\t\t<\/div>\n\t\t<\/section>\n\t\t\t\t<section class=\"elementor-section elementor-top-section elementor-element elementor-element-579f2e6 animated-slow elementor-section-boxed elementor-section-height-default elementor-section-height-default elementor-invisible\" data-id=\"579f2e6\" data-element_type=\"section\" data-settings=\"{&quot;animation&quot;:&quot;fadeIn&quot;}\">\n\t\t\t\t\t\t<div class=\"elementor-container elementor-column-gap-default\">\n\t\t\t\t\t<div class=\"elementor-column elementor-col-33 elementor-top-column elementor-element elementor-element-565f967\" data-id=\"565f967\" data-element_type=\"column\">\n\t\t\t<div class=\"elementor-widget-wrap elementor-element-populated\">\n\t\t\t\t\t\t<div class=\"elementor-element elementor-element-a2378b4 elementor-widget elementor-widget-image\" data-id=\"a2378b4\" data-element_type=\"widget\" data-widget_type=\"image.default\">\n\t\t\t\t<div class=\"elementor-widget-container\">\n\t\t\t\t\t\t\t\t\t\t\t\t\t\t\t<img loading=\"lazy\" decoding=\"async\" width=\"240\" height=\"300\" src=\"https:\/\/curachildrensfoundation.org\/wp-content\/uploads\/2023\/08\/image1.jpg\" class=\"attachment-large size-large wp-image-2625\" alt=\"\" \/>\t\t\t\t\t\t\t\t\t\t\t\t\t\t\t<\/div>\n\t\t\t\t<\/div>\n\t\t\t\t\t<\/div>\n\t\t<\/div>\n\t\t\t\t<div class=\"elementor-column elementor-col-66 elementor-top-column elementor-element elementor-element-2162b9a\" data-id=\"2162b9a\" data-element_type=\"column\">\n\t\t\t<div class=\"elementor-widget-wrap elementor-element-populated\">\n\t\t\t\t\t\t<div class=\"elementor-element elementor-element-cb4c9a9 elementor-widget elementor-widget-heading\" data-id=\"cb4c9a9\" data-element_type=\"widget\" data-widget_type=\"heading.default\">\n\t\t\t\t<div class=\"elementor-widget-container\">\n\t\t\t\t\t<h4 class=\"elementor-heading-title elementor-size-default\">HERTHA BAUMANN  <em>Vorstandsmitglied<\/em><\/h4>\t\t\t\t<\/div>\n\t\t\t\t<\/div>\n\t\t\t\t<div class=\"elementor-element elementor-element-1d7c75e elementor-hidden-phone elementor-widget-divider--view-line elementor-widget elementor-widget-divider\" data-id=\"1d7c75e\" data-element_type=\"widget\" data-widget_type=\"divider.default\">\n\t\t\t\t<div class=\"elementor-widget-container\">\n\t\t\t\t\t\t\t<div class=\"elementor-divider\">\n\t\t\t<span class=\"elementor-divider-separator\">\n\t\t\t\t\t\t<\/span>\n\t\t<\/div>\n\t\t\t\t\t\t<\/div>\n\t\t\t\t<\/div>\n\t\t\t\t<div class=\"elementor-element elementor-element-9e61189 elementor-widget elementor-widget-text-editor\" data-id=\"9e61189\" data-element_type=\"widget\" data-widget_type=\"text-editor.default\">\n\t\t\t\t<div class=\"elementor-widget-container\">\n\t\t\t\t\t\t\t\t\t<p>Nach einem Diplom in Sporterziehung an der Universit\u00e4t Lausanne und drei Jahren Lehrt\u00e4tigkeit wechselte Hertha die Richtung ihrer beruflichen Laufbahn.<br \/>Danach arbeitete sie in einer Werbeagentur und zwei Direktmarketingfirmen bevor sie in die Welt der Finanzkommunikation wechselte.<\/p><p>Nach \u00fcber zwanzig Jahren Erfahrung in der Unternehmenskommunikation im Private Banking in Genf zog sie nach Z\u00fcrich, wo sie die Niederlassung von Voxia Communication leitet, die sich auf Medienarbeit konzentriert.<\/p><p>Sie verf\u00fcgt \u00fcber ein eidgen\u00f6ssisches Diplom als Public Relations Fachfrau und absolvierte ein Management- und Kommunikationsstudium an der Universit\u00e4t St. Gallen.<\/p><p>Sie engagiert sich f\u00fcr das Empowerment von Frauen und m\u00f6chte ihre berufliche Erfahrung in den Dienst der Stiftung Cura Children\u2019s Foundation stellen, um Kindern und ihren Familien in der Schweiz in Not zu helfen.<\/p>\t\t\t\t\t\t\t\t<\/div>\n\t\t\t\t<\/div>\n\t\t\t\t\t<\/div>\n\t\t<\/div>\n\t\t\t\t\t<\/div>\n\t\t<\/section>\n\t\t\t\t<\/div>\n\t\t","protected":false},"excerpt":{"rendered":"<p>CURA CHILDREN\u2019S FOUNDATION Cura ist das lateinische Wort f\u00fcr \u201cF\u00fcrsorge\u201d, welches die Mission der Cura Children\u2019s Foundation definiert&nbsp;und unsere Leitidee widerspiegelt. Die Cura Children\u2019s Foundation wurde im Juli 2020 von uns lanciert und bietet&nbsp;umfassende Unterst\u00fctzung f\u00fcr Kinder und Familien in Not in der Schweiz. Seit vielen Jahren engagieren wir uns beide karitativ, was uns zur [&hellip;]<\/p>\n","protected":false},"author":1,"featured_media":0,"parent":0,"menu_order":0,"comment_status":"closed","ping_status":"closed","template":"elementor_header_footer","meta":{"footnotes":""},"class_list":["post-1724","page","type-page","status-publish","hentry"],"_links":{"self":[{"href":"https:\/\/curachildrensfoundation.org\/de\/wp-json\/wp\/v2\/pages\/1724","targetHints":{"allow":["GET"]}}],"collection":[{"href":"https:\/\/curachildrensfoundation.org\/de\/wp-json\/wp\/v2\/pages"}],"about":[{"href":"https:\/\/curachildrensfoundation.org\/de\/wp-json\/wp\/v2\/types\/page"}],"author":[{"embeddable":true,"href":"https:\/\/curachildrensfoundation.org\/de\/wp-json\/wp\/v2\/users\/1"}],"replies":[{"embeddable":true,"href":"https:\/\/curachildrensfoundation.org\/de\/wp-json\/wp\/v2\/comments?post=1724"}],"version-history":[{"count":6,"href":"https:\/\/curachildrensfoundation.org\/de\/wp-json\/wp\/v2\/pages\/1724\/revisions"}],"predecessor-version":[{"id":5443,"href":"https:\/\/curachildrensfoundation.org\/de\/wp-json\/wp\/v2\/pages\/1724\/revisions\/5443"}],"wp:attachment":[{"href":"https:\/\/curachildrensfoundation.org\/de\/wp-json\/wp\/v2\/media?parent=1724"}],"curies":[{"name":"wp","href":"https:\/\/api.w.org\/{rel}","templated":true}]}}