{"id":1708,"date":"2023-05-11T15:21:31","date_gmt":"2023-05-11T13:21:31","guid":{"rendered":"https:\/\/curachildrensfoundation.org\/cura-childrens-inclusion-camp-ii-saanenmoeser-schweiz\/"},"modified":"2025-04-03T15:08:26","modified_gmt":"2025-04-03T13:08:26","slug":"cura-childrens-inklusions-camp-ii-saanenmoeser-schweiz","status":"publish","type":"page","link":"https:\/\/curachildrensfoundation.org\/de\/cura-childrens-inklusions-camp-ii-saanenmoeser-schweiz\/","title":{"rendered":"Cura Children&#8217;s Inklusions camp II &#8211; Saanenm\u00f6ser, Schweiz"},"content":{"rendered":"\t\t<div data-elementor-type=\"wp-page\" data-elementor-id=\"1708\" class=\"elementor elementor-1708 elementor-167\" data-elementor-post-type=\"page\">\n\t\t\t\t\t\t<section class=\"elementor-section elementor-top-section elementor-element elementor-element-6b802fa1 elementor-section-height-min-height elementor-hidden-phone elementor-section-boxed elementor-section-height-default elementor-section-items-middle\" data-id=\"6b802fa1\" data-element_type=\"section\" data-settings=\"{&quot;background_background&quot;:&quot;classic&quot;}\">\n\t\t\t\t\t\t<div class=\"elementor-container elementor-column-gap-default\">\n\t\t\t\t\t<div class=\"elementor-column elementor-col-100 elementor-top-column elementor-element elementor-element-54a2e37\" data-id=\"54a2e37\" data-element_type=\"column\">\n\t\t\t<div class=\"elementor-widget-wrap\">\n\t\t\t\t\t\t\t<\/div>\n\t\t<\/div>\n\t\t\t\t\t<\/div>\n\t\t<\/section>\n\t\t\t\t<section class=\"elementor-section elementor-top-section elementor-element elementor-element-202aea94 elementor-section-full_width elementor-section-height-default elementor-section-height-default\" data-id=\"202aea94\" data-element_type=\"section\">\n\t\t\t\t\t\t<div class=\"elementor-container elementor-column-gap-no\">\n\t\t\t\t\t<div class=\"elementor-column elementor-col-66 elementor-top-column elementor-element elementor-element-5d0d0770\" data-id=\"5d0d0770\" data-element_type=\"column\">\n\t\t\t<div class=\"elementor-widget-wrap elementor-element-populated\">\n\t\t\t\t\t\t<div class=\"elementor-element elementor-element-d80fa48 elementor-hidden-desktop elementor-hidden-tablet elementor-widget elementor-widget-image\" data-id=\"d80fa48\" data-element_type=\"widget\" data-widget_type=\"image.default\">\n\t\t\t\t<div class=\"elementor-widget-container\">\n\t\t\t\t\t\t\t\t\t\t\t\t\t\t\t<img fetchpriority=\"high\" decoding=\"async\" width=\"768\" height=\"503\" src=\"https:\/\/curachildrensfoundation.org\/wp-content\/uploads\/2023\/05\/IMG_8659-copy-scaled-1-e1679908367276-768x503.jpg\" class=\"attachment-medium_large size-medium_large wp-image-1602\" alt=\"\" srcset=\"https:\/\/curachildrensfoundation.org\/wp-content\/uploads\/2023\/05\/IMG_8659-copy-scaled-1-e1679908367276-768x503.jpg 768w, https:\/\/curachildrensfoundation.org\/wp-content\/uploads\/2023\/05\/IMG_8659-copy-scaled-1-e1679908367276-300x197.jpg 300w, https:\/\/curachildrensfoundation.org\/wp-content\/uploads\/2023\/05\/IMG_8659-copy-scaled-1-e1679908367276-1024x671.jpg 1024w, https:\/\/curachildrensfoundation.org\/wp-content\/uploads\/2023\/05\/IMG_8659-copy-scaled-1-e1679908367276-1536x1006.jpg 1536w, https:\/\/curachildrensfoundation.org\/wp-content\/uploads\/2023\/05\/IMG_8659-copy-scaled-1-e1679908367276-2048x1341.jpg 2048w\" sizes=\"(max-width: 768px) 100vw, 768px\" \/>\t\t\t\t\t\t\t\t\t\t\t\t\t\t\t<\/div>\n\t\t\t\t<\/div>\n\t\t\t\t<div class=\"elementor-element elementor-element-59b7c2a8 elementor-widget elementor-widget-heading\" data-id=\"59b7c2a8\" data-element_type=\"widget\" data-widget_type=\"heading.default\">\n\t\t\t\t<div class=\"elementor-widget-container\">\n\t\t\t\t\t<h1 class=\"elementor-heading-title elementor-size-default\">Cura Children's Inklusions Camp II - Saanenm\u00f6ser, Schweiz<\/h1>\t\t\t\t<\/div>\n\t\t\t\t<\/div>\n\t\t\t\t<div class=\"elementor-element elementor-element-260f8569 elementor-hidden-phone elementor-widget-divider--view-line elementor-widget elementor-widget-divider\" data-id=\"260f8569\" data-element_type=\"widget\" data-widget_type=\"divider.default\">\n\t\t\t\t<div class=\"elementor-widget-container\">\n\t\t\t\t\t\t\t<div class=\"elementor-divider\">\n\t\t\t<span class=\"elementor-divider-separator\">\n\t\t\t\t\t\t<\/span>\n\t\t<\/div>\n\t\t\t\t\t\t<\/div>\n\t\t\t\t<\/div>\n\t\t\t\t<div class=\"elementor-element elementor-element-6392dc4d elementor-widget elementor-widget-heading\" data-id=\"6392dc4d\" data-element_type=\"widget\" data-widget_type=\"heading.default\">\n\t\t\t\t<div class=\"elementor-widget-container\">\n\t\t\t\t\t<h3 class=\"elementor-heading-title elementor-size-default\">Das Cura Children's Inklusions Camp II im August 2023 hat zum Ziel, Kinder mit und ohne Behinderung zusammenzubringen.<\/h3>\t\t\t\t<\/div>\n\t\t\t\t<\/div>\n\t\t\t\t<div class=\"elementor-element elementor-element-5916dff1 elementor-widget elementor-widget-text-editor\" data-id=\"5916dff1\" data-element_type=\"widget\" data-widget_type=\"text-editor.default\">\n\t\t\t\t<div class=\"elementor-widget-container\">\n\t\t\t\t\t\t\t\t\t<p>Nach einem erfolgreichen ersten Inklusions Camp voller Spa\u00df und Lachen haben wir so viel positives Feedback erhalten, dass wir beschlossen haben, in diesem Sommer ein zweites Camp zu veranstalten.<\/p><p>Das Ziel dieses Camps ist es, <strong>Kindern mit Behinderungen wieder das Gef\u00fchl der Inklusion zu vermitteln und das Zugeh\u00f6rigkeitsgef\u00fchl zu st\u00e4rken.<\/strong> Die Gruppe ist eine Mischung aus Kindern mit Behinderungen und Kindern ohne Behinderungen. Wir hoffen, dass wir die Zahl der Teilnehmer in diesem Jahr erh\u00f6hen und auch Kinder aus unserer Gegend aufnehmen k\u00f6nnen. Das Hauptaugenmerk liegt auf gl\u00fccklichen Momenten, gemeinsamen Erlebnissen und Zweisamkeit.<\/p><p>Unser Zuhause f\u00fcr die 5 Tage ist eine rustikale, einheimische Bergh\u00fctte oberhalb von Saanenm\u00f6ser in den Berner Alpen. Neben den Kindern werden wir auch wieder eine Mischung aus Eltern, Therapeuten und Sozialarbeitern in unserem Camp begr\u00fc\u00dfen.<\/p><p><strong>Beim Cura Children&#8217;s Inklusions Camp II geht es darum, allen Kindern die gleichen Aktivit\u00e4ten anzubieten und gleichzeitig Unterst\u00fctzung und Dienstleistungen bereitzustellen, um auf die Unterschiede der Kinder einzu<\/strong>gehen. Bei der Auswahl der Aktivit\u00e4ten haben wir sowohl die besonderen St\u00e4rken als auch die Herausforderungen jedes einzelnen Kindes ber\u00fccksichtigt.<\/p><p><strong>Alle werden entdecken, dass Kinder mit und ohne Behinderungen mehr gemeinsam haben als das, was sie voneinander trennt.<\/strong><\/p>\t\t\t\t\t\t\t\t<\/div>\n\t\t\t\t<\/div>\n\t\t\t\t<div class=\"elementor-element elementor-element-650bc54a elementor-widget elementor-widget-text-editor\" data-id=\"650bc54a\" data-element_type=\"widget\" data-widget_type=\"text-editor.default\">\n\t\t\t\t<div class=\"elementor-widget-container\">\n\t\t\t\t\t\t\t\t\t<table>\n<tbody>\n<tr>\n<td>\n<p><strong>Aktivit\u00e4ten<\/strong><\/p>\n<\/td>\n<td> <\/td>\n<\/tr>\n<tr>\n<td>\n<p>Theatertherapie<\/p>\n<\/td>\n<td> <\/td>\n<\/tr>\n<tr>\n<td>\n<p>BBQ @ Fluss<\/p>\n<\/td>\n<td> <\/td>\n<\/tr>\n<tr>\n<td>\n<p>Alpenruhe Spielplatz &amp; Picknick<\/p>\n<\/td>\n<td> <\/td>\n<\/tr>\n<tr>\n<td>\n<p>Besuch einer K\u00e4serei<\/p>\n<\/td>\n<td> <\/td>\n<\/tr>\n<tr>\n<td>\n<p>Arnensee Schifffahrt<\/p>\n<\/td>\n<td> <\/td>\n<\/tr>\n<tr>\n<td>\n<p>Therapie auf dem Pferder\u00fccken<\/p>\n<\/td>\n<td> <\/td>\n<\/tr>\n<tr>\n<td>\n<p>Kuchen backen<\/p>\n<\/td>\n<td> <\/td>\n<\/tr>\n<tr>\n<td>\n<p>4 \u00dcbernachtungen auf einer Bergh\u00fctte mit Verpflegung<\/p>\n<\/td>\n<td> <\/td>\n<\/tr>\n<tr>\n<td>\n<p>Auf Wiedersehen Abendessen<\/p>\n<\/td>\n<td> <\/td>\n<\/tr>\n<tr>\n<td>\n<p><strong>GESAMT<\/strong><\/p>\n<\/td>\n<td>\n<p><strong>CHF 4&#8217;500<\/strong><\/p>\n<\/td>\n<\/tr>\n<\/tbody>\n<\/table>\n\t\t\t\t\t\t\t\t<\/div>\n\t\t\t\t<\/div>\n\t\t\t\t<div class=\"elementor-element elementor-element-3e2ad2ab elementor-widget elementor-widget-heading\" data-id=\"3e2ad2ab\" data-element_type=\"widget\" data-widget_type=\"heading.default\">\n\t\t\t\t<div class=\"elementor-widget-container\">\n\t\t\t\t\t<h2 class=\"elementor-heading-title elementor-size-default\">Vielen Dank - jeder noch so kleiner Betrag z\u00e4hlt!<\/h2>\t\t\t\t<\/div>\n\t\t\t\t<\/div>\n\t\t\t\t\t<\/div>\n\t\t<\/div>\n\t\t\t\t<div class=\"elementor-column elementor-col-33 elementor-top-column elementor-element elementor-element-3848f281\" data-id=\"3848f281\" data-element_type=\"column\" data-settings=\"{&quot;background_background&quot;:&quot;classic&quot;}\">\n\t\t\t<div class=\"elementor-widget-wrap elementor-element-populated\">\n\t\t\t\t\t\t<div class=\"elementor-element elementor-element-1ccd168 elementor-widget elementor-widget-image\" data-id=\"1ccd168\" data-element_type=\"widget\" data-widget_type=\"image.default\">\n\t\t\t\t<div class=\"elementor-widget-container\">\n\t\t\t\t\t\t\t\t\t\t\t\t\t\t\t<img decoding=\"async\" width=\"800\" height=\"521\" src=\"https:\/\/curachildrensfoundation.org\/wp-content\/uploads\/2023\/06\/Cura-graph-transparent-1024x667.png\" class=\"attachment-large size-large wp-image-2460\" alt=\"\" srcset=\"https:\/\/curachildrensfoundation.org\/wp-content\/uploads\/2023\/06\/Cura-graph-transparent-1024x667.png 1024w, https:\/\/curachildrensfoundation.org\/wp-content\/uploads\/2023\/06\/Cura-graph-transparent-300x195.png 300w, https:\/\/curachildrensfoundation.org\/wp-content\/uploads\/2023\/06\/Cura-graph-transparent-768x500.png 768w, https:\/\/curachildrensfoundation.org\/wp-content\/uploads\/2023\/06\/Cura-graph-transparent.png 1100w\" sizes=\"(max-width: 800px) 100vw, 800px\" \/>\t\t\t\t\t\t\t\t\t\t\t\t\t\t\t<\/div>\n\t\t\t\t<\/div>\n\t\t\t\t<div class=\"elementor-element elementor-element-1916ace elementor-widget elementor-widget-progress\" data-id=\"1916ace\" data-element_type=\"widget\" data-widget_type=\"progress.default\">\n\t\t\t\t<div class=\"elementor-widget-container\">\n\t\t\t\t\t\t\t\t<span class=\"elementor-title\" id=\"elementor-progress-bar-1916ace\">\n\t\t\t\tZiel erreicht - Projekt beendet\t\t\t<\/span>\n\t\t\n\t\t<div aria-labelledby=\"elementor-progress-bar-1916ace\" class=\"elementor-progress-wrapper progress-success\" role=\"progressbar\" aria-valuemin=\"0\" aria-valuemax=\"100\" aria-valuenow=\"100\" aria-valuetext=\"100% (CHF 4,890)\">\n\t\t\t<div class=\"elementor-progress-bar\" data-max=\"100\">\n\t\t\t\t<span class=\"elementor-progress-text\">CHF 4,890<\/span>\n\t\t\t\t\t\t\t\t\t<span class=\"elementor-progress-percentage\">100%<\/span>\n\t\t\t\t\t\t\t<\/div>\n\t\t<\/div>\n\t\t\t\t\t\t<\/div>\n\t\t\t\t<\/div>\n\t\t\t\t\t<\/div>\n\t\t<\/div>\n\t\t\t\t\t<\/div>\n\t\t<\/section>\n\t\t\t\t<section class=\"elementor-section elementor-top-section elementor-element elementor-element-444c3f73 elementor-section-boxed elementor-section-height-default elementor-section-height-default\" data-id=\"444c3f73\" data-element_type=\"section\">\n\t\t\t\t\t\t<div class=\"elementor-container elementor-column-gap-default\">\n\t\t\t\t\t<div class=\"elementor-column elementor-col-25 elementor-top-column elementor-element elementor-element-327d2913 elementor-hidden-phone\" data-id=\"327d2913\" data-element_type=\"column\">\n\t\t\t<div class=\"elementor-widget-wrap\">\n\t\t\t\t\t\t\t<\/div>\n\t\t<\/div>\n\t\t\t\t<div class=\"elementor-column elementor-col-50 elementor-top-column elementor-element elementor-element-ccb72\" data-id=\"ccb72\" data-element_type=\"column\">\n\t\t\t<div class=\"elementor-widget-wrap elementor-element-populated\">\n\t\t\t\t\t\t<section class=\"elementor-section elementor-inner-section elementor-element elementor-element-6e8e8e55 elementor-section-full_width elementor-section-height-default elementor-section-height-default\" data-id=\"6e8e8e55\" data-element_type=\"section\">\n\t\t\t\t\t\t<div class=\"elementor-container elementor-column-gap-no\">\n\t\t\t\t\t<div class=\"elementor-column elementor-col-50 elementor-inner-column elementor-element elementor-element-3349b354\" data-id=\"3349b354\" data-element_type=\"column\">\n\t\t\t<div class=\"elementor-widget-wrap elementor-element-populated\">\n\t\t\t\t\t\t<div class=\"elementor-element elementor-element-1e18cdd0 elementor-widget elementor-widget-heading\" data-id=\"1e18cdd0\" data-element_type=\"widget\" data-widget_type=\"heading.default\">\n\t\t\t\t<div class=\"elementor-widget-container\">\n\t\t\t\t\t<span class=\"elementor-heading-title elementor-size-default\">Teilen Sie diese Sache, w\u00e4hlen Sie Ihre Plattform!<\/span>\t\t\t\t<\/div>\n\t\t\t\t<\/div>\n\t\t\t\t\t<\/div>\n\t\t<\/div>\n\t\t\t\t<div class=\"elementor-column elementor-col-50 elementor-inner-column elementor-element elementor-element-22cfadd1\" data-id=\"22cfadd1\" data-element_type=\"column\">\n\t\t\t<div class=\"elementor-widget-wrap elementor-element-populated\">\n\t\t\t\t\t\t<div class=\"elementor-element elementor-element-37f3e68 elementor-share-buttons--view-icon elementor-share-buttons--align-left elementor-share-buttons-mobile--align-center elementor-share-buttons--skin-gradient elementor-share-buttons--shape-square elementor-grid-0 elementor-share-buttons--color-official elementor-widget elementor-widget-share-buttons\" data-id=\"37f3e68\" data-element_type=\"widget\" data-widget_type=\"share-buttons.default\">\n\t\t\t\t<div class=\"elementor-widget-container\">\n\t\t\t\t\t\t\t<div class=\"elementor-grid\" role=\"list\">\n\t\t\t\t\t\t\t\t<div class=\"elementor-grid-item\" role=\"listitem\">\n\t\t\t\t\t\t<div class=\"elementor-share-btn elementor-share-btn_facebook\" role=\"button\" tabindex=\"0\" aria-label=\"Teilen auf facebook\">\n\t\t\t\t\t\t\t\t\t\t\t\t\t\t\t<span class=\"elementor-share-btn__icon\">\n\t\t\t\t\t\t\t\t<i class=\"fab fa-facebook\" aria-hidden=\"true\"><\/i>\t\t\t\t\t\t\t<\/span>\n\t\t\t\t\t\t\t\t\t\t\t\t\t\t\t\t\t\t\t\t<\/div>\n\t\t\t\t\t<\/div>\n\t\t\t\t\t\t\t\t\t<div class=\"elementor-grid-item\" role=\"listitem\">\n\t\t\t\t\t\t<div class=\"elementor-share-btn elementor-share-btn_twitter\" role=\"button\" tabindex=\"0\" aria-label=\"Teilen auf twitter\">\n\t\t\t\t\t\t\t\t\t\t\t\t\t\t\t<span class=\"elementor-share-btn__icon\">\n\t\t\t\t\t\t\t\t<i class=\"fab fa-twitter\" aria-hidden=\"true\"><\/i>\t\t\t\t\t\t\t<\/span>\n\t\t\t\t\t\t\t\t\t\t\t\t\t\t\t\t\t\t\t\t<\/div>\n\t\t\t\t\t<\/div>\n\t\t\t\t\t\t\t\t\t<div class=\"elementor-grid-item\" role=\"listitem\">\n\t\t\t\t\t\t<div class=\"elementor-share-btn elementor-share-btn_linkedin\" role=\"button\" tabindex=\"0\" aria-label=\"Teilen auf linkedin\">\n\t\t\t\t\t\t\t\t\t\t\t\t\t\t\t<span class=\"elementor-share-btn__icon\">\n\t\t\t\t\t\t\t\t<i class=\"fab fa-linkedin\" aria-hidden=\"true\"><\/i>\t\t\t\t\t\t\t<\/span>\n\t\t\t\t\t\t\t\t\t\t\t\t\t\t\t\t\t\t\t\t<\/div>\n\t\t\t\t\t<\/div>\n\t\t\t\t\t\t\t\t\t<div class=\"elementor-grid-item\" role=\"listitem\">\n\t\t\t\t\t\t<div class=\"elementor-share-btn elementor-share-btn_email\" role=\"button\" tabindex=\"0\" aria-label=\"Teilen auf email\">\n\t\t\t\t\t\t\t\t\t\t\t\t\t\t\t<span class=\"elementor-share-btn__icon\">\n\t\t\t\t\t\t\t\t<i class=\"fas fa-envelope\" aria-hidden=\"true\"><\/i>\t\t\t\t\t\t\t<\/span>\n\t\t\t\t\t\t\t\t\t\t\t\t\t\t\t\t\t\t\t\t<\/div>\n\t\t\t\t\t<\/div>\n\t\t\t\t\t\t<\/div>\n\t\t\t\t\t\t<\/div>\n\t\t\t\t<\/div>\n\t\t\t\t\t<\/div>\n\t\t<\/div>\n\t\t\t\t\t<\/div>\n\t\t<\/section>\n\t\t\t\t\t<\/div>\n\t\t<\/div>\n\t\t\t\t<div class=\"elementor-column elementor-col-25 elementor-top-column elementor-element elementor-element-2623eb46 elementor-hidden-phone\" data-id=\"2623eb46\" data-element_type=\"column\">\n\t\t\t<div class=\"elementor-widget-wrap\">\n\t\t\t\t\t\t\t<\/div>\n\t\t<\/div>\n\t\t\t\t\t<\/div>\n\t\t<\/section>\n\t\t\t\t<\/div>\n\t\t","protected":false},"excerpt":{"rendered":"<p>Cura Children&#8217;s Inklusions Camp II &#8211; Saanenm\u00f6ser, Schweiz Das Cura Children&#8217;s Inklusions Camp II im August 2023 hat zum Ziel, Kinder mit und ohne Behinderung zusammenzubringen. Nach einem erfolgreichen ersten Inklusions Camp voller Spa\u00df und Lachen haben wir so viel positives Feedback erhalten, dass wir beschlossen haben, in diesem Sommer ein zweites Camp zu veranstalten. [&hellip;]<\/p>\n","protected":false},"author":1,"featured_media":0,"parent":0,"menu_order":0,"comment_status":"closed","ping_status":"closed","template":"elementor_header_footer","meta":{"footnotes":""},"class_list":["post-1708","page","type-page","status-publish","hentry"],"_links":{"self":[{"href":"https:\/\/curachildrensfoundation.org\/de\/wp-json\/wp\/v2\/pages\/1708","targetHints":{"allow":["GET"]}}],"collection":[{"href":"https:\/\/curachildrensfoundation.org\/de\/wp-json\/wp\/v2\/pages"}],"about":[{"href":"https:\/\/curachildrensfoundation.org\/de\/wp-json\/wp\/v2\/types\/page"}],"author":[{"embeddable":true,"href":"https:\/\/curachildrensfoundation.org\/de\/wp-json\/wp\/v2\/users\/1"}],"replies":[{"embeddable":true,"href":"https:\/\/curachildrensfoundation.org\/de\/wp-json\/wp\/v2\/comments?post=1708"}],"version-history":[{"count":2,"href":"https:\/\/curachildrensfoundation.org\/de\/wp-json\/wp\/v2\/pages\/1708\/revisions"}],"predecessor-version":[{"id":4478,"href":"https:\/\/curachildrensfoundation.org\/de\/wp-json\/wp\/v2\/pages\/1708\/revisions\/4478"}],"wp:attachment":[{"href":"https:\/\/curachildrensfoundation.org\/de\/wp-json\/wp\/v2\/media?parent=1708"}],"curies":[{"name":"wp","href":"https:\/\/api.w.org\/{rel}","templated":true}]}}